
[{"command":"settings","settings":{"basePath":"\/","pathPrefix":"es\/","setHasJsCookie":0,"ajaxPageState":{"theme":"bootstrap_utadeo","theme_token":"WVbeLj6tUhPop3j36fo-PZbLPEmI9XTtOWWMzRNszFU","jquery_version":"2.1","jquery_version_token":"0t7yLWOZCHJBr7x5W_K45tkx2UiUjOM4FAjwryzV8UI"},"colorbox":{"opacity":"0.85","current":"{current} of {total}","previous":"\u00ab Prev","next":"Next \u00bb","close":"Cerrar","maxWidth":"98%","maxHeight":"98%","fixed":true,"mobiledetect":true,"mobiledevicewidth":"480px"},"jcarousel":{"ajaxPath":"\/es\/jcarousel\/ajax\/views"},"CToolsModal":{"loadingText":"Cargando...","closeText":"Cerrar ventana","closeImage":"\u003Cimg typeof=\u0022foaf:Image\u0022 class=\u0022img-responsive\u0022 src=\u0022https:\/\/tadeo--live-mt34dr62p0g6.us.seedcloud.co\/profiles\/seed_dist\/modules\/contrib\/ctools\/images\/icon-close-window.png\u0022 alt=\u0022Cerrar ventana\u0022 title=\u0022Cerrar ventana\u0022 \/\u003E","throbber":"\u003Cimg typeof=\u0022foaf:Image\u0022 class=\u0022img-responsive\u0022 src=\u0022https:\/\/tadeo--live-mt34dr62p0g6.us.seedcloud.co\/profiles\/seed_dist\/modules\/contrib\/ctools\/images\/throbber.gif\u0022 alt=\u0022Cargando\u0022 title=\u0022Cargando...\u0022 \/\u003E"},"modal-popup-small":{"modalSize":{"type":"fixed","width":300,"height":300},"modalOptions":{"opacity":0.84999999999999998,"background":"#000"},"animation":"fadeIn","modalTheme":"ModalFormsPopup","throbber":"\u003Cimg typeof=\u0022foaf:Image\u0022 class=\u0022img-responsive\u0022 src=\u0022https:\/\/tadeo--live-mt34dr62p0g6.us.seedcloud.co\/sites\/tadeo\/modules\/contrib\/modal_forms\/images\/loading_animation.gif\u0022 alt=\u0022Cargando...\u0022 title=\u0022Cargando\u0022 \/\u003E","closeText":"Cerrar"},"modal-popup-medium":{"modalSize":{"type":"scale","width":0.59999999999999998,"height":0.55000000000000004},"modalOptions":{"opacity":0.84999999999999998,"background":"#000"},"animation":"fadeIn","modalTheme":"ModalFormsPopup","throbber":"\u003Cimg typeof=\u0022foaf:Image\u0022 class=\u0022img-responsive\u0022 src=\u0022https:\/\/tadeo--live-mt34dr62p0g6.us.seedcloud.co\/sites\/tadeo\/modules\/contrib\/modal_forms\/images\/loading_animation.gif\u0022 alt=\u0022Cargando...\u0022 title=\u0022Cargando\u0022 \/\u003E","closeText":"Cerrar"},"modal-popup-large":{"modalSize":{"type":"scale","width":0.80000000000000004,"height":0.80000000000000004},"modalOptions":{"opacity":0.84999999999999998,"background":"#000"},"animation":"fadeIn","modalTheme":"ModalFormsPopup","throbber":"\u003Cimg typeof=\u0022foaf:Image\u0022 class=\u0022img-responsive\u0022 src=\u0022https:\/\/tadeo--live-mt34dr62p0g6.us.seedcloud.co\/sites\/tadeo\/modules\/contrib\/modal_forms\/images\/loading_animation.gif\u0022 alt=\u0022Cargando...\u0022 title=\u0022Cargando\u0022 \/\u003E","closeText":"Cerrar"},"whatsappshare":{"whatsappshare_button_text":"Compartir en Whatsapp","whatsappshare_button_size":"wa_btn_s","whatsappshare_sharing_text":"Enlace compartido","whatsappshare_sharing_location":"#page-title","whatsappshare_site_name":"Universidad de Bogot\u00e1 Jorge Tadeo Lozano","whatsappshare_page_title":"","base_path":"https:\/\/tadeo--live-mt34dr62p0g6.us.seedcloud.co\/es\/news\/ajax\/1121\/all"},"custom_search":{"form_target":"_self","solr":0},"views":{"ajax_path":"\/es\/views\/ajax","ajaxViews":{"views_dom_id:9a293c925b9d091a2e7203221e12019a":{"view_name":"global_news","view_display_id":"block","view_args":"1121\/all","view_path":"news\/ajax\/1121\/all","view_base_path":"investigacion\/noticias","view_dom_id":"9a293c925b9d091a2e7203221e12019a","pager_element":0}}},"urlIsAjaxTrusted":{"\/es\/views\/ajax":true},"better_exposed_filters":{"views":{"global_news":{"displays":{"block":{"filters":[]}}}}},"bootstrap":{"anchorsFix":"0","anchorsSmoothScrolling":"0","formHasError":1,"popoverEnabled":1,"popoverOptions":{"animation":1,"html":0,"placement":"right","selector":"","trigger":"click","triggerAutoclose":1,"title":"","content":"","delay":0,"container":"body"},"tooltipEnabled":1,"tooltipOptions":{"animation":1,"html":0,"placement":"auto left","selector":"","trigger":"hover focus","delay":0,"container":"body"}}},"merge":true},{"command":"insert","method":"html","selector":"#news-reload","data":"\u003Cdiv class=\u0022view view-global-news view-id-global_news view-display-id-block news-slider view-dom-id-9a293c925b9d091a2e7203221e12019a\u0022\u003E\n        \n  \n  \n      \u003Cdiv class=\u0022view-content\u0022\u003E\n      \u003Cdiv class=\u0022item-list\u0022\u003E    \u003Cul class=\u0022overview\u0022\u003E          \u003Cli class=\u0022views-row views-row-1 views-row-odd views-row-first\u0022\u003E  \n  \u003Cdiv class=\u0022views-field views-field-field-category\u0022\u003E        \u003Cdiv class=\u0022field-content\u0022\u003E\u003Cdiv class=\u0022news-category-1121\u0022\u003ERecomendados\u003C\/div\u003E\u003C\/div\u003E  \u003C\/div\u003E  \n  \u003Cdiv class=\u0022views-field views-field-field-images\u0022\u003E        \u003Cdiv class=\u0022field-content\u0022\u003E\u003Ca href=\u0022\/es\/noticia\/recomendados\/ciencias-sociales\/35\/profesor-de-utadeo-es-finalista-de-los-premios-gabo-2026-con-el-documental-quien-quemo-el-bus\u0022\u003E\u003Cimg typeof=\u0022foaf:Image\u0022 class=\u0022img-responsive\u0022 src=\u0022https:\/\/tadeo--live-mt34dr62p0g6.us.seedcloud.co\/sites\/tadeo\/files\/styles\/global_news_255x127\/public\/node\/news\/field_images\/whatsapp_image_2026-07-10_at_8.39.25_am_2_0.jpeg?itok=mq0pqYkg\u0022 width=\u0022255\u0022 height=\u0022127\u0022 alt=\u0022\u0022 \/\u003E\u003C\/a\u003E\u003C\/div\u003E  \u003C\/div\u003E  \n  \u003Cdiv class=\u0022views-field views-field-title\u0022\u003E        \u003Ch2 class=\u0022field-content\u0022\u003E\u003Ca href=\u0022\/es\/noticia\/recomendados\/ciencias-sociales\/35\/profesor-de-utadeo-es-finalista-de-los-premios-gabo-2026-con-el-documental-quien-quemo-el-bus\u0022\u003EProfesor de UTadeo es finalista de los Premios Gabo 2026 con el documental \u00bfQui\u00e9n quem\u00f3 el bus? \u003C\/a\u003E\u003C\/h2\u003E  \u003C\/div\u003E  \n  \u003Cdiv class=\u0022views-field views-field-body\u0022\u003E        \u003Cp class=\u0022field-content\u0022\u003E\u003Cp\u003EEl profesor Alejandro \u00c1ngel Torres, del \u00c1rea Acad\u00e9mica de Cinematograf\u00eda de la Universidad Jorge Tadeo Lozano, fue nominado como finalista de los Premios Gabo 2026 con el documental \u00bfQui\u00e9n quem\u00f3 el bus?, el \u00fanico proyecto colombiano seleccionado...\u003C\/p\u003E\u003C\/p\u003E  \u003C\/div\u003E  \n  \u003Cdiv class=\u0022views-field views-field-nid\u0022\u003E        \u003Cspan class=\u0022field-content\u0022\u003E\u003Ca href=\u0022\/es\/noticia\/recomendados\/ciencias-sociales\/35\/profesor-de-utadeo-es-finalista-de-los-premios-gabo-2026-con-el-documental-quien-quemo-el-bus\u0022\u003ELeer m\u00e1s\u003C\/a\u003E\u003C\/span\u003E  \u003C\/div\u003E\u003C\/li\u003E\n          \u003Cli class=\u0022views-row views-row-2 views-row-even\u0022\u003E  \n  \u003Cdiv class=\u0022views-field views-field-field-category\u0022\u003E        \u003Cdiv class=\u0022field-content\u0022\u003E\u003Cdiv class=\u0022news-category-1121\u0022\u003ERecomendados\u003C\/div\u003E\u003C\/div\u003E  \u003C\/div\u003E  \n  \u003Cdiv class=\u0022views-field views-field-field-images\u0022\u003E        \u003Cdiv class=\u0022field-content\u0022\u003E\u003Ca href=\u0022\/es\/noticia\/recomendados\/home\/1\/paula-zapata-la-cientifica-tadeista-que-explora-el-atlantico-ecuatorial-para-descubrir-los-secretos\u0022\u003E\u003Cimg typeof=\u0022foaf:Image\u0022 class=\u0022img-responsive\u0022 src=\u0022https:\/\/tadeo--live-mt34dr62p0g6.us.seedcloud.co\/sites\/tadeo\/files\/styles\/global_news_255x127\/public\/node\/news\/field_images\/portadas_nota_utadeo_23.png?itok=yc2WtDhx\u0022 width=\u0022255\u0022 height=\u0022127\u0022 alt=\u0022\u0022 \/\u003E\u003C\/a\u003E\u003C\/div\u003E  \u003C\/div\u003E  \n  \u003Cdiv class=\u0022views-field views-field-title\u0022\u003E        \u003Ch2 class=\u0022field-content\u0022\u003E\u003Ca href=\u0022\/es\/noticia\/recomendados\/home\/1\/paula-zapata-la-cientifica-tadeista-que-explora-el-atlantico-ecuatorial-para-descubrir-los-secretos\u0022\u003EPaula Zapata, la cient\u00edfica tade\u00edsta que explora el Atl\u00e1ntico ecuatorial para descubrir los secretos del planeta \u003C\/a\u003E\u003C\/h2\u003E  \u003C\/div\u003E  \n  \u003Cdiv class=\u0022views-field views-field-body\u0022\u003E        \u003Cp class=\u0022field-content\u0022\u003E\u003Cp\u003ELa bi\u00f3loga marina colombiana participa en una expedici\u00f3n internacional que busca comprender la relaci\u00f3n entre la geolog\u00eda submarina, los fluidos oce\u00e1nicos y los ecosistemas de aguas profundas en una de las zonas menos exploradas del planeta. \u003C\/p\u003E\u003C\/p\u003E  \u003C\/div\u003E  \n  \u003Cdiv class=\u0022views-field views-field-nid\u0022\u003E        \u003Cspan class=\u0022field-content\u0022\u003E\u003Ca href=\u0022\/es\/noticia\/recomendados\/home\/1\/paula-zapata-la-cientifica-tadeista-que-explora-el-atlantico-ecuatorial-para-descubrir-los-secretos\u0022\u003ELeer m\u00e1s\u003C\/a\u003E\u003C\/span\u003E  \u003C\/div\u003E\u003C\/li\u003E\n          \u003Cli class=\u0022views-row views-row-3 views-row-odd\u0022\u003E  \n  \u003Cdiv class=\u0022views-field views-field-field-category\u0022\u003E        \u003Cdiv class=\u0022field-content\u0022\u003E\u003Cdiv class=\u0022news-category-1121\u0022\u003ERecomendados\u003C\/div\u003E\u003C\/div\u003E  \u003C\/div\u003E  \n  \u003Cdiv class=\u0022views-field views-field-field-images\u0022\u003E        \u003Cdiv class=\u0022field-content\u0022\u003E\u003Ca href=\u0022\/es\/noticia\/recomendados\/home\/1\/nanobreakers-el-semillero-de-investigacion-de-utadeo-donde-la-ingenieria-el-diseno-y-la-ciencia\u0022\u003E\u003Cimg typeof=\u0022foaf:Image\u0022 class=\u0022img-responsive\u0022 src=\u0022https:\/\/tadeo--live-mt34dr62p0g6.us.seedcloud.co\/sites\/tadeo\/files\/styles\/global_news_255x127\/public\/node\/news\/field_images\/portadas_nota_utadeo_9_0.png?itok=UrL4jteq\u0022 width=\u0022255\u0022 height=\u0022127\u0022 alt=\u0022\u0022 \/\u003E\u003C\/a\u003E\u003C\/div\u003E  \u003C\/div\u003E  \n  \u003Cdiv class=\u0022views-field views-field-title\u0022\u003E        \u003Ch2 class=\u0022field-content\u0022\u003E\u003Ca href=\u0022\/es\/noticia\/recomendados\/home\/1\/nanobreakers-el-semillero-de-investigacion-de-utadeo-donde-la-ingenieria-el-diseno-y-la-ciencia\u0022\u003ENanobreakers: el semillero de investigaci\u00f3n de UTadeo donde la ingenier\u00eda, el dise\u00f1o y la ciencia crean soluciones para el futuro \u003C\/a\u003E\u003C\/h2\u003E  \u003C\/div\u003E  \n  \u003Cdiv class=\u0022views-field views-field-body\u0022\u003E        \u003Cp class=\u0022field-content\u0022\u003E\u003Cp\u003EEn el marco del D\u00eda Internacional de la Mujer en la Ingenier\u00eda, UTadeo destaca el trabajo de Nanobreakers, un semillero de investigaci\u00f3n donde cerca del 70 % de sus integrantes han sido mujeres que demuestran c\u00f3mo la ciencia, la creatividad y la...\u003C\/p\u003E\u003C\/p\u003E  \u003C\/div\u003E  \n  \u003Cdiv class=\u0022views-field views-field-nid\u0022\u003E        \u003Cspan class=\u0022field-content\u0022\u003E\u003Ca href=\u0022\/es\/noticia\/recomendados\/home\/1\/nanobreakers-el-semillero-de-investigacion-de-utadeo-donde-la-ingenieria-el-diseno-y-la-ciencia\u0022\u003ELeer m\u00e1s\u003C\/a\u003E\u003C\/span\u003E  \u003C\/div\u003E\u003C\/li\u003E\n          \u003Cli class=\u0022views-row views-row-4 views-row-even\u0022\u003E  \n  \u003Cdiv class=\u0022views-field views-field-field-category\u0022\u003E        \u003Cdiv class=\u0022field-content\u0022\u003E\u003Cdiv class=\u0022news-category-1121\u0022\u003ERecomendados\u003C\/div\u003E\u003C\/div\u003E  \u003C\/div\u003E  \n  \u003Cdiv class=\u0022views-field views-field-field-images\u0022\u003E        \u003Cdiv class=\u0022field-content\u0022\u003E\u003Ca href=\u0022\/es\/noticia\/recomendados\/home\/1\/estudiantes-de-diseno-industrial-de-utadeo-transforman-revistas-de-natura-en-mobiliario-sostenible\u0022\u003E\u003Cimg typeof=\u0022foaf:Image\u0022 class=\u0022img-responsive\u0022 src=\u0022https:\/\/tadeo--live-mt34dr62p0g6.us.seedcloud.co\/sites\/tadeo\/files\/styles\/global_news_255x127\/public\/node\/news\/field_images\/portadas_nota_utadeo_1_3.png?itok=GZzzxgIM\u0022 width=\u0022255\u0022 height=\u0022127\u0022 alt=\u0022\u0022 \/\u003E\u003C\/a\u003E\u003C\/div\u003E  \u003C\/div\u003E  \n  \u003Cdiv class=\u0022views-field views-field-title\u0022\u003E        \u003Ch2 class=\u0022field-content\u0022\u003E\u003Ca href=\u0022\/es\/noticia\/recomendados\/home\/1\/estudiantes-de-diseno-industrial-de-utadeo-transforman-revistas-de-natura-en-mobiliario-sostenible\u0022\u003EEstudiantes de Dise\u00f1o Industrial de Utadeo transforman revistas de Natura en mobiliario sostenible \u003C\/a\u003E\u003C\/h2\u003E  \u003C\/div\u003E  \n  \u003Cdiv class=\u0022views-field views-field-body\u0022\u003E        \u003Cp class=\u0022field-content\u0022\u003E\u003Cp\u003EA trav\u00e9s de una alianza con Natura, estudiantes tade\u00edstas desarrollaron un material innovador a partir de revistas en desuso que ser\u00e1 utilizado en el dise\u00f1o de mobiliario para tiendas de la marca en Bogot\u00e1. \u003C\/p\u003E\u003C\/p\u003E  \u003C\/div\u003E  \n  \u003Cdiv class=\u0022views-field views-field-nid\u0022\u003E        \u003Cspan class=\u0022field-content\u0022\u003E\u003Ca href=\u0022\/es\/noticia\/recomendados\/home\/1\/estudiantes-de-diseno-industrial-de-utadeo-transforman-revistas-de-natura-en-mobiliario-sostenible\u0022\u003ELeer m\u00e1s\u003C\/a\u003E\u003C\/span\u003E  \u003C\/div\u003E\u003C\/li\u003E\n          \u003Cli class=\u0022views-row views-row-5 views-row-odd\u0022\u003E  \n  \u003Cdiv class=\u0022views-field views-field-field-category\u0022\u003E        \u003Cdiv class=\u0022field-content\u0022\u003E\u003Cdiv class=\u0022news-category-1121\u0022\u003ERecomendados\u003C\/div\u003E\u003C\/div\u003E  \u003C\/div\u003E  \n  \u003Cdiv class=\u0022views-field views-field-field-images\u0022\u003E        \u003Cdiv class=\u0022field-content\u0022\u003E\u003Ca href=\u0022\/es\/noticia\/recomendados\/arquitectura-y-habitat\/260981\/proyectos-iii-2026-1s\u0022\u003E\u003Cimg typeof=\u0022foaf:Image\u0022 class=\u0022img-responsive\u0022 src=\u0022https:\/\/tadeo--live-mt34dr62p0g6.us.seedcloud.co\/sites\/tadeo\/files\/styles\/global_news_255x127\/public\/node\/news\/field_images\/p_3.jpg?itok=KMqpYsfT\u0022 width=\u0022255\u0022 height=\u0022127\u0022 alt=\u0022\u0022 \/\u003E\u003C\/a\u003E\u003C\/div\u003E  \u003C\/div\u003E  \n  \u003Cdiv class=\u0022views-field views-field-title\u0022\u003E        \u003Ch2 class=\u0022field-content\u0022\u003E\u003Ca href=\u0022\/es\/noticia\/recomendados\/arquitectura-y-habitat\/260981\/proyectos-iii-2026-1s\u0022\u003EProyectos III - 2026-1S\u003C\/a\u003E\u003C\/h2\u003E  \u003C\/div\u003E  \n  \u003Cdiv class=\u0022views-field views-field-body\u0022\u003E        \u003Cp class=\u0022field-content\u0022\u003E\u003Cp\u003EEl Taller de proyectos III: Arquitectura y Actividad se constituye en el espacio acad\u00e9mico en el cual se cimentan, construyen  y afianzan conocimientos, habilidades y destrezas b\u00e1sicas sobre la soluci\u00f3n a problemas f\u00edsico espaciales derivados de...\u003C\/p\u003E\u003C\/p\u003E  \u003C\/div\u003E  \n  \u003Cdiv class=\u0022views-field views-field-nid\u0022\u003E        \u003Cspan class=\u0022field-content\u0022\u003E\u003Ca href=\u0022\/es\/noticia\/recomendados\/arquitectura-y-habitat\/260981\/proyectos-iii-2026-1s\u0022\u003ELeer m\u00e1s\u003C\/a\u003E\u003C\/span\u003E  \u003C\/div\u003E\u003C\/li\u003E\n          \u003Cli class=\u0022views-row views-row-6 views-row-even\u0022\u003E  \n  \u003Cdiv class=\u0022views-field views-field-field-category\u0022\u003E        \u003Cdiv class=\u0022field-content\u0022\u003E\u003Cdiv class=\u0022news-category-1121\u0022\u003ERecomendados\u003C\/div\u003E\u003C\/div\u003E  \u003C\/div\u003E  \n  \u003Cdiv class=\u0022views-field views-field-field-images\u0022\u003E        \u003Cdiv class=\u0022field-content\u0022\u003E\u003Ca href=\u0022\/es\/noticia\/recomendados\/home\/1\/estudiantes-tadeistas-convierten-el-bordado-y-la-guabina-santandereana-en-una-experiencia\u0022\u003E\u003Cimg typeof=\u0022foaf:Image\u0022 class=\u0022img-responsive\u0022 src=\u0022https:\/\/tadeo--live-mt34dr62p0g6.us.seedcloud.co\/sites\/tadeo\/files\/styles\/global_news_255x127\/public\/node\/news\/field_images\/4_8.png?itok=hHU2FlcQ\u0022 width=\u0022255\u0022 height=\u0022127\u0022 alt=\u0022estudiantes con mujeres bordadoras de Velez\u0022 \/\u003E\u003C\/a\u003E\u003C\/div\u003E  \u003C\/div\u003E  \n  \u003Cdiv class=\u0022views-field views-field-title\u0022\u003E        \u003Ch2 class=\u0022field-content\u0022\u003E\u003Ca href=\u0022\/es\/noticia\/recomendados\/home\/1\/estudiantes-tadeistas-convierten-el-bordado-y-la-guabina-santandereana-en-una-experiencia\u0022\u003E Estudiantes tade\u00edstas convierten el bordado y la guabina santandereana en una experiencia interactiva en la Casa de la Cultura de V\u00e9lez \u003C\/a\u003E\u003C\/h2\u003E  \u003C\/div\u003E  \n  \u003Cdiv class=\u0022views-field views-field-body\u0022\u003E        \u003Cp class=\u0022field-content\u0022\u003E\u003Cp\u003EEstudiantes de Dise\u00f1o de Producto trabajaron con la comunidad de bordadoras de V\u00e9lez para crear una muestra permanente que preserva y difunde las tradiciones culturales de Santander desde la Casa de la Cultura del municipio, un espacio que recibe...\u003C\/p\u003E\u003C\/p\u003E  \u003C\/div\u003E  \n  \u003Cdiv class=\u0022views-field views-field-nid\u0022\u003E        \u003Cspan class=\u0022field-content\u0022\u003E\u003Ca href=\u0022\/es\/noticia\/recomendados\/home\/1\/estudiantes-tadeistas-convierten-el-bordado-y-la-guabina-santandereana-en-una-experiencia\u0022\u003ELeer m\u00e1s\u003C\/a\u003E\u003C\/span\u003E  \u003C\/div\u003E\u003C\/li\u003E\n          \u003Cli class=\u0022views-row views-row-7 views-row-odd\u0022\u003E  \n  \u003Cdiv class=\u0022views-field views-field-field-category\u0022\u003E        \u003Cdiv class=\u0022field-content\u0022\u003E\u003Cdiv class=\u0022news-category-1121\u0022\u003ERecomendados\u003C\/div\u003E\u003C\/div\u003E  \u003C\/div\u003E  \n  \u003Cdiv class=\u0022views-field views-field-field-images\u0022\u003E        \u003Cdiv class=\u0022field-content\u0022\u003E\u003Ca href=\u0022\/es\/noticia\/recomendados\/arquitectura-y-habitat\/260981\/proyectos-vi-2026-1s-0\u0022\u003E\u003Cimg typeof=\u0022foaf:Image\u0022 class=\u0022img-responsive\u0022 src=\u0022https:\/\/tadeo--live-mt34dr62p0g6.us.seedcloud.co\/sites\/tadeo\/files\/styles\/global_news_255x127\/public\/node\/news\/field_images\/proyectos_vi_0.jpg?itok=XSXZinAK\u0022 width=\u0022255\u0022 height=\u0022127\u0022 alt=\u0022\u0022 \/\u003E\u003C\/a\u003E\u003C\/div\u003E  \u003C\/div\u003E  \n  \u003Cdiv class=\u0022views-field views-field-title\u0022\u003E        \u003Ch2 class=\u0022field-content\u0022\u003E\u003Ca href=\u0022\/es\/noticia\/recomendados\/arquitectura-y-habitat\/260981\/proyectos-vi-2026-1s-0\u0022\u003EProyectos VI - 2026 - 1S\u003C\/a\u003E\u003C\/h2\u003E  \u003C\/div\u003E  \n  \u003Cdiv class=\u0022views-field views-field-body\u0022\u003E        \u003Cp class=\u0022field-content\u0022\u003E\u003Cp\u003EEl taller de espacios urbanos es una apuesta decidida por el entendimiento del proyecto urbano como instrumento eficiente para generar transformaciones significativas a diferentes escalas en la intervenci\u00f3n f\u00edsica del espacio de la ciudad. En...\u003C\/p\u003E\u003C\/p\u003E  \u003C\/div\u003E  \n  \u003Cdiv class=\u0022views-field views-field-nid\u0022\u003E        \u003Cspan class=\u0022field-content\u0022\u003E\u003Ca href=\u0022\/es\/noticia\/recomendados\/arquitectura-y-habitat\/260981\/proyectos-vi-2026-1s-0\u0022\u003ELeer m\u00e1s\u003C\/a\u003E\u003C\/span\u003E  \u003C\/div\u003E\u003C\/li\u003E\n          \u003Cli class=\u0022views-row views-row-8 views-row-even\u0022\u003E  \n  \u003Cdiv class=\u0022views-field views-field-field-category\u0022\u003E        \u003Cdiv class=\u0022field-content\u0022\u003E\u003Cdiv class=\u0022news-category-1121\u0022\u003ERecomendados\u003C\/div\u003E\u003C\/div\u003E  \u003C\/div\u003E  \n  \u003Cdiv class=\u0022views-field views-field-field-images\u0022\u003E        \u003Cdiv class=\u0022field-content\u0022\u003E\u003Ca href=\u0022\/es\/noticia\/recomendados\/arquitectura-y-habitat\/260981\/opcion-de-grado-2026-1s\u0022\u003E\u003Cimg typeof=\u0022foaf:Image\u0022 class=\u0022img-responsive\u0022 src=\u0022https:\/\/tadeo--live-mt34dr62p0g6.us.seedcloud.co\/sites\/tadeo\/files\/styles\/global_news_255x127\/public\/node\/news\/field_images\/opc_grad.jpg?itok=tbx3CMwT\u0022 width=\u0022255\u0022 height=\u0022127\u0022 alt=\u0022\u0022 \/\u003E\u003C\/a\u003E\u003C\/div\u003E  \u003C\/div\u003E  \n  \u003Cdiv class=\u0022views-field views-field-title\u0022\u003E        \u003Ch2 class=\u0022field-content\u0022\u003E\u003Ca href=\u0022\/es\/noticia\/recomendados\/arquitectura-y-habitat\/260981\/opcion-de-grado-2026-1s\u0022\u003EOpci\u00f3n de grado - 2026 - 1S\u003C\/a\u003E\u003C\/h2\u003E  \u003C\/div\u003E  \n  \u003Cdiv class=\u0022views-field views-field-body\u0022\u003E        \u003Cp class=\u0022field-content\u0022\u003E\u003Cp\u003ECon el desarrollo del Trabajo de Grado del Programa de Arquitectura de la Universidad de Bogot\u00e1 Jorge Tadeo Lozano, el estudiante, estar\u00e1 en capacidad de demostrar su criterio a trav\u00e9s de la formulaci\u00f3n y desarrollo de proyectos dentro de alguna...\u003C\/p\u003E\u003C\/p\u003E  \u003C\/div\u003E  \n  \u003Cdiv class=\u0022views-field views-field-nid\u0022\u003E        \u003Cspan class=\u0022field-content\u0022\u003E\u003Ca href=\u0022\/es\/noticia\/recomendados\/arquitectura-y-habitat\/260981\/opcion-de-grado-2026-1s\u0022\u003ELeer m\u00e1s\u003C\/a\u003E\u003C\/span\u003E  \u003C\/div\u003E\u003C\/li\u003E\n          \u003Cli class=\u0022views-row views-row-9 views-row-odd\u0022\u003E  \n  \u003Cdiv class=\u0022views-field views-field-field-category\u0022\u003E        \u003Cdiv class=\u0022field-content\u0022\u003E\u003Cdiv class=\u0022news-category-1121\u0022\u003ERecomendados\u003C\/div\u003E\u003C\/div\u003E  \u003C\/div\u003E  \n  \u003Cdiv class=\u0022views-field views-field-field-images\u0022\u003E        \u003Cdiv class=\u0022field-content\u0022\u003E\u003Ca href=\u0022\/es\/noticia\/recomendados\/arquitectura-y-habitat\/260981\/proyecto-profundizacion-2026-1s\u0022\u003E\u003Cimg typeof=\u0022foaf:Image\u0022 class=\u0022img-responsive\u0022 src=\u0022https:\/\/tadeo--live-mt34dr62p0g6.us.seedcloud.co\/sites\/tadeo\/files\/styles\/global_news_255x127\/public\/node\/news\/field_images\/proy_prof.jpg?itok=gY_AyZy3\u0022 width=\u0022255\u0022 height=\u0022127\u0022 alt=\u0022\u0022 \/\u003E\u003C\/a\u003E\u003C\/div\u003E  \u003C\/div\u003E  \n  \u003Cdiv class=\u0022views-field views-field-title\u0022\u003E        \u003Ch2 class=\u0022field-content\u0022\u003E\u003Ca href=\u0022\/es\/noticia\/recomendados\/arquitectura-y-habitat\/260981\/proyecto-profundizacion-2026-1s\u0022\u003EProyecto Profundizaci\u00f3n - 2026 - 1S\u003C\/a\u003E\u003C\/h2\u003E  \u003C\/div\u003E  \n  \u003Cdiv class=\u0022views-field views-field-body\u0022\u003E        \u003Cp class=\u0022field-content\u0022\u003E\u003Cp\u003EEl Taller de Profundizaci\u00f3n, es el espacio acad\u00e9mico donde el estudiante aplica con autonom\u00eda e integralidad los conocimientos b\u00e1sicos de la profesi\u00f3n y los conocimientos espec\u00edficos disciplinares adquiridos en los niveles anteriores, en la...\u003C\/p\u003E\u003C\/p\u003E  \u003C\/div\u003E  \n  \u003Cdiv class=\u0022views-field views-field-nid\u0022\u003E        \u003Cspan class=\u0022field-content\u0022\u003E\u003Ca href=\u0022\/es\/noticia\/recomendados\/arquitectura-y-habitat\/260981\/proyecto-profundizacion-2026-1s\u0022\u003ELeer m\u00e1s\u003C\/a\u003E\u003C\/span\u003E  \u003C\/div\u003E\u003C\/li\u003E\n          \u003Cli class=\u0022views-row views-row-10 views-row-even views-row-last\u0022\u003E  \n  \u003Cdiv class=\u0022views-field views-field-field-category\u0022\u003E        \u003Cdiv class=\u0022field-content\u0022\u003E\u003Cdiv class=\u0022news-category-1121\u0022\u003ERecomendados\u003C\/div\u003E\u003C\/div\u003E  \u003C\/div\u003E  \n  \u003Cdiv class=\u0022views-field views-field-field-images\u0022\u003E        \u003Cdiv class=\u0022field-content\u0022\u003E\u003Ca href=\u0022\/es\/noticia\/recomendados\/arquitectura-y-habitat\/260981\/proyecto-electivo-disciplinar-desarrollo-social-2026-1s\u0022\u003E\u003Cimg typeof=\u0022foaf:Image\u0022 class=\u0022img-responsive\u0022 src=\u0022https:\/\/tadeo--live-mt34dr62p0g6.us.seedcloud.co\/sites\/tadeo\/files\/styles\/global_news_255x127\/public\/node\/news\/field_images\/ped_social.jpg?itok=lBa6qp1J\u0022 width=\u0022255\u0022 height=\u0022127\u0022 alt=\u0022\u0022 \/\u003E\u003C\/a\u003E\u003C\/div\u003E  \u003C\/div\u003E  \n  \u003Cdiv class=\u0022views-field views-field-title\u0022\u003E        \u003Ch2 class=\u0022field-content\u0022\u003E\u003Ca href=\u0022\/es\/noticia\/recomendados\/arquitectura-y-habitat\/260981\/proyecto-electivo-disciplinar-desarrollo-social-2026-1s\u0022\u003EProyecto Electivo Disciplinar - Desarrollo Social - 2026 - 1S\u003C\/a\u003E\u003C\/h2\u003E  \u003C\/div\u003E  \n  \u003Cdiv class=\u0022views-field views-field-body\u0022\u003E        \u003Cp class=\u0022field-content\u0022\u003E\u003Cp\u003ECon el desarrollo de los Talleres electivos 7 y 8 del Nivel Avanzado del Programa de Arquitectura de la Universidad Jorge Tadeo Lozano, el estudiante, estar\u00e1 en capacidad de argumentar y desarrollar un proyecto arquitect\u00f3nico y\/o urbano a trav\u00e9s...\u003C\/p\u003E\u003C\/p\u003E  \u003C\/div\u003E  \n  \u003Cdiv class=\u0022views-field views-field-nid\u0022\u003E        \u003Cspan class=\u0022field-content\u0022\u003E\u003Ca href=\u0022\/es\/noticia\/recomendados\/arquitectura-y-habitat\/260981\/proyecto-electivo-disciplinar-desarrollo-social-2026-1s\u0022\u003ELeer m\u00e1s\u003C\/a\u003E\u003C\/span\u003E  \u003C\/div\u003E\u003C\/li\u003E\n      \u003C\/ul\u003E\u003C\/div\u003E    \u003C\/div\u003E\n  \n  \n  \n  \n      \u003Cdiv class=\u0022view-footer\u0022\u003E\n      \u003Cdiv class=\u0022slider-galleries\u0022\u003E\u003Cdiv class=\u0022tadeo-link-all\u0022\u003E\u003Ca href=\u0022\/es\/noticias\u0022\u003EVer todas las noticias\u003C\/a\u003E\u003C\/div\u003E\u003Ca href=\u0022\/es\u0022 class=\u0022buttons next\u0022\u003Eprev\u003C\/a\u003E\u003Ca href=\u0022\/es\u0022 class=\u0022buttons prev\u0022\u003Enext\u003C\/a\u003E\u003C\/div\u003E    \u003C\/div\u003E\n  \n  \n\u003C\/div\u003E","settings":null}]