
[{"command":"settings","settings":{"basePath":"\/","pathPrefix":"es\/","setHasJsCookie":0,"ajaxPageState":{"theme":"bootstrap_utadeo","theme_token":"1FQ5hgBzIMOi4e82R2jVC-7XaZzDqGdxW6UetIRTkWY","jquery_version":"2.1","jquery_version_token":"xmBpQ9njKvloQdST14Xs6YqclQysuRUa8q8ImwzLtcY"},"colorbox":{"opacity":"0.85","current":"{current} of {total}","previous":"\u00ab Prev","next":"Next \u00bb","close":"Cerrar","maxWidth":"98%","maxHeight":"98%","fixed":true,"mobiledetect":true,"mobiledevicewidth":"480px"},"jcarousel":{"ajaxPath":"\/es\/jcarousel\/ajax\/views"},"CToolsModal":{"loadingText":"Cargando...","closeText":"Cerrar ventana","closeImage":"\u003Cimg typeof=\u0022foaf:Image\u0022 class=\u0022img-responsive\u0022 src=\u0022https:\/\/tadeo--live-mt34dr62p0g6.us.seedcloud.co\/profiles\/seed_dist\/modules\/contrib\/ctools\/images\/icon-close-window.png\u0022 alt=\u0022Cerrar ventana\u0022 title=\u0022Cerrar ventana\u0022 \/\u003E","throbber":"\u003Cimg typeof=\u0022foaf:Image\u0022 class=\u0022img-responsive\u0022 src=\u0022https:\/\/tadeo--live-mt34dr62p0g6.us.seedcloud.co\/profiles\/seed_dist\/modules\/contrib\/ctools\/images\/throbber.gif\u0022 alt=\u0022Cargando\u0022 title=\u0022Cargando...\u0022 \/\u003E"},"modal-popup-small":{"modalSize":{"type":"fixed","width":300,"height":300},"modalOptions":{"opacity":0.84999999999999998,"background":"#000"},"animation":"fadeIn","modalTheme":"ModalFormsPopup","throbber":"\u003Cimg typeof=\u0022foaf:Image\u0022 class=\u0022img-responsive\u0022 src=\u0022https:\/\/tadeo--live-mt34dr62p0g6.us.seedcloud.co\/sites\/tadeo\/modules\/contrib\/modal_forms\/images\/loading_animation.gif\u0022 alt=\u0022Cargando...\u0022 title=\u0022Cargando\u0022 \/\u003E","closeText":"Cerrar"},"modal-popup-medium":{"modalSize":{"type":"scale","width":0.59999999999999998,"height":0.55000000000000004},"modalOptions":{"opacity":0.84999999999999998,"background":"#000"},"animation":"fadeIn","modalTheme":"ModalFormsPopup","throbber":"\u003Cimg typeof=\u0022foaf:Image\u0022 class=\u0022img-responsive\u0022 src=\u0022https:\/\/tadeo--live-mt34dr62p0g6.us.seedcloud.co\/sites\/tadeo\/modules\/contrib\/modal_forms\/images\/loading_animation.gif\u0022 alt=\u0022Cargando...\u0022 title=\u0022Cargando\u0022 \/\u003E","closeText":"Cerrar"},"modal-popup-large":{"modalSize":{"type":"scale","width":0.80000000000000004,"height":0.80000000000000004},"modalOptions":{"opacity":0.84999999999999998,"background":"#000"},"animation":"fadeIn","modalTheme":"ModalFormsPopup","throbber":"\u003Cimg typeof=\u0022foaf:Image\u0022 class=\u0022img-responsive\u0022 src=\u0022https:\/\/tadeo--live-mt34dr62p0g6.us.seedcloud.co\/sites\/tadeo\/modules\/contrib\/modal_forms\/images\/loading_animation.gif\u0022 alt=\u0022Cargando...\u0022 title=\u0022Cargando\u0022 \/\u003E","closeText":"Cerrar"},"whatsappshare":{"whatsappshare_button_text":"Compartir en Whatsapp","whatsappshare_button_size":"wa_btn_s","whatsappshare_sharing_text":"Enlace compartido","whatsappshare_sharing_location":"#page-title","whatsappshare_site_name":"Universidad de Bogot\u00e1 Jorge Tadeo Lozano","whatsappshare_page_title":"","base_path":"https:\/\/tadeo--live-mt34dr62p0g6.us.seedcloud.co\/es\/news\/ajax\/25\/all"},"custom_search":{"form_target":"_self","solr":0},"views":{"ajax_path":"\/es\/views\/ajax","ajaxViews":{"views_dom_id:5043cd09cb8957edec7c9664579b3540":{"view_name":"global_news","view_display_id":"block","view_args":"25\/all","view_path":"news\/ajax\/25\/all","view_base_path":"investigacion\/noticias","view_dom_id":"5043cd09cb8957edec7c9664579b3540","pager_element":0}}},"urlIsAjaxTrusted":{"\/es\/views\/ajax":true},"better_exposed_filters":{"views":{"global_news":{"displays":{"block":{"filters":[]}}}}},"bootstrap":{"anchorsFix":"0","anchorsSmoothScrolling":"0","formHasError":1,"popoverEnabled":1,"popoverOptions":{"animation":1,"html":0,"placement":"right","selector":"","trigger":"click","triggerAutoclose":1,"title":"","content":"","delay":0,"container":"body"},"tooltipEnabled":1,"tooltipOptions":{"animation":1,"html":0,"placement":"auto left","selector":"","trigger":"hover focus","delay":0,"container":"body"}}},"merge":true},{"command":"insert","method":"html","selector":"#news-reload","data":"\u003Cdiv class=\u0022view view-global-news view-id-global_news view-display-id-block news-slider view-dom-id-5043cd09cb8957edec7c9664579b3540\u0022\u003E\n        \n  \n  \n      \u003Cdiv class=\u0022view-content\u0022\u003E\n      \u003Cdiv class=\u0022item-list\u0022\u003E    \u003Cul class=\u0022overview\u0022\u003E          \u003Cli class=\u0022views-row views-row-1 views-row-odd views-row-first\u0022\u003E  \n  \u003Cdiv class=\u0022views-field views-field-field-category\u0022\u003E        \u003Cdiv class=\u0022field-content\u0022\u003E\u003Cdiv class=\u0022news-category-25\u0022\u003EDestacadas\u003C\/div\u003E\u003C\/div\u003E  \u003C\/div\u003E  \n  \u003Cdiv class=\u0022views-field views-field-field-images\u0022\u003E        \u003Cdiv class=\u0022field-content\u0022\u003E\u003Ca href=\u0022\/es\/noticia\/destacadas\/oyeme-utadeo\/7451\/la-utadeo-abre-debate-sobre-el-impacto-de-la-inteligencia-artificial-y-las-fake-news-en-la\u0022\u003E\u003Cimg typeof=\u0022foaf:Image\u0022 class=\u0022img-responsive\u0022 src=\u0022https:\/\/tadeo--live-mt34dr62p0g6.us.seedcloud.co\/sites\/tadeo\/files\/styles\/global_news_255x127\/public\/node\/news\/field_images\/whatsapp_image_2026-08-27_at_9.06.26_am.jpeg?itok=zRtZRI9f\u0022 width=\u0022255\u0022 height=\u0022127\u0022 alt=\u0022Desaf\u00edos de las democracias en la era de la desinformaci\u00f3n\u0022 \/\u003E\u003C\/a\u003E\u003C\/div\u003E  \u003C\/div\u003E  \n  \u003Cdiv class=\u0022views-field views-field-title\u0022\u003E        \u003Ch2 class=\u0022field-content\u0022\u003E\u003Ca href=\u0022\/es\/noticia\/destacadas\/oyeme-utadeo\/7451\/la-utadeo-abre-debate-sobre-el-impacto-de-la-inteligencia-artificial-y-las-fake-news-en-la\u0022\u003ELa Utadeo abre debate sobre el impacto de la inteligencia artificial y las \u0026#039;fake news\u0026#039; en la democracia contempor\u00e1nea\u003C\/a\u003E\u003C\/h2\u003E  \u003C\/div\u003E  \n  \u003Cdiv class=\u0022views-field views-field-body\u0022\u003E        \u003Cp class=\u0022field-content\u0022\u003E\u003Cp\u003EEl programa de Comunicaci\u00f3n Social y Periodismo convoca al conversatorio \u0022Desaf\u00edos de las Democracias en la Era de la Desinformaci\u00f3n\u0022, un espacio acad\u00e9mico que reunir\u00e1 a expertas en libertad de expresi\u00f3n para debatir el impacto de la inteligencia...\u003C\/p\u003E\u003C\/p\u003E  \u003C\/div\u003E  \n  \u003Cdiv class=\u0022views-field views-field-nid\u0022\u003E        \u003Cspan class=\u0022field-content\u0022\u003E\u003Ca href=\u0022\/es\/noticia\/destacadas\/oyeme-utadeo\/7451\/la-utadeo-abre-debate-sobre-el-impacto-de-la-inteligencia-artificial-y-las-fake-news-en-la\u0022\u003ELeer m\u00e1s\u003C\/a\u003E\u003C\/span\u003E  \u003C\/div\u003E\u003C\/li\u003E\n          \u003Cli class=\u0022views-row views-row-2 views-row-even\u0022\u003E  \n  \u003Cdiv class=\u0022views-field views-field-field-category\u0022\u003E        \u003Cdiv class=\u0022field-content\u0022\u003E\u003Cdiv class=\u0022news-category-25\u0022\u003EDestacadas\u003C\/div\u003E\u003C\/div\u003E  \u003C\/div\u003E  \n  \u003Cdiv class=\u0022views-field views-field-field-images\u0022\u003E        \u003Cdiv class=\u0022field-content\u0022\u003E\u003Ca href=\u0022\/es\/noticia\/destacadas\/consultorio-juridico-y-centro-de-conciliacion\/79276\/capacitacion-sobre-diversidad-sociolinguistica-de-la-poblacion-sorda-fortalece-la-atencion-inclusiva\u0022\u003E\u003Cimg typeof=\u0022foaf:Image\u0022 class=\u0022img-responsive\u0022 src=\u0022https:\/\/tadeo--live-mt34dr62p0g6.us.seedcloud.co\/sites\/tadeo\/files\/styles\/global_news_255x127\/public\/node\/news\/field_images\/whatsapp_image_2026-09-04_at_9.52.26_am.jpeg?itok=hoLaK-AG\u0022 width=\u0022255\u0022 height=\u0022127\u0022 alt=\u0022\u0022 \/\u003E\u003C\/a\u003E\u003C\/div\u003E  \u003C\/div\u003E  \n  \u003Cdiv class=\u0022views-field views-field-title\u0022\u003E        \u003Ch2 class=\u0022field-content\u0022\u003E\u003Ca href=\u0022\/es\/noticia\/destacadas\/consultorio-juridico-y-centro-de-conciliacion\/79276\/capacitacion-sobre-diversidad-sociolinguistica-de-la-poblacion-sorda-fortalece-la-atencion-inclusiva\u0022\u003ECapacitaci\u00f3n sobre diversidad socioling\u00fc\u00edstica de la poblaci\u00f3n sorda fortalece la atenci\u00f3n inclusiva en la Universidad\u003C\/a\u003E\u003C\/h2\u003E  \u003C\/div\u003E  \n  \u003Cdiv class=\u0022views-field views-field-body\u0022\u003E        \u003Cp class=\u0022field-content\u0022\u003E\u003Cp\u003ECon el prop\u00f3sito de fortalecer la atenci\u00f3n inclusiva y garantizar el acceso efectivo a la justicia de las personas sordas, el Consultorio Jur\u00eddico y Centro de Conciliaci\u00f3n de la Universidad particip\u00f3 en una jornada de capacitaci\u00f3n orientada por...\u003C\/p\u003E\u003C\/p\u003E  \u003C\/div\u003E  \n  \u003Cdiv class=\u0022views-field views-field-nid\u0022\u003E        \u003Cspan class=\u0022field-content\u0022\u003E\u003Ca href=\u0022\/es\/noticia\/destacadas\/consultorio-juridico-y-centro-de-conciliacion\/79276\/capacitacion-sobre-diversidad-sociolinguistica-de-la-poblacion-sorda-fortalece-la-atencion-inclusiva\u0022\u003ELeer m\u00e1s\u003C\/a\u003E\u003C\/span\u003E  \u003C\/div\u003E\u003C\/li\u003E\n          \u003Cli class=\u0022views-row views-row-3 views-row-odd\u0022\u003E  \n  \u003Cdiv class=\u0022views-field views-field-field-category\u0022\u003E        \u003Cdiv class=\u0022field-content\u0022\u003E\u003Cdiv class=\u0022news-category-25\u0022\u003EDestacadas\u003C\/div\u003E\u003C\/div\u003E  \u003C\/div\u003E  \n  \u003Cdiv class=\u0022views-field views-field-field-images\u0022\u003E        \u003Cdiv class=\u0022field-content\u0022\u003E\u003Ca href=\u0022\/es\/noticia\/destacadas\/la-brujula\/40961\/geometrias-para-habitar-bogota\u0022\u003E\u003Cimg typeof=\u0022foaf:Image\u0022 class=\u0022img-responsive\u0022 src=\u0022https:\/\/tadeo--live-mt34dr62p0g6.us.seedcloud.co\/sites\/tadeo\/files\/styles\/global_news_255x127\/public\/node\/news\/field_images\/1_1_5.jpg?itok=jsUMY8Ff\u0022 width=\u0022255\u0022 height=\u0022127\u0022 alt=\u0022\u0022 \/\u003E\u003C\/a\u003E\u003C\/div\u003E  \u003C\/div\u003E  \n  \u003Cdiv class=\u0022views-field views-field-title\u0022\u003E        \u003Ch2 class=\u0022field-content\u0022\u003E\u003Ca href=\u0022\/es\/noticia\/destacadas\/la-brujula\/40961\/geometrias-para-habitar-bogota\u0022\u003EGeometr\u00edas para habitar Bogot\u00e1 \u003C\/a\u003E\u003C\/h2\u003E  \u003C\/div\u003E  \n  \u003Cdiv class=\u0022views-field views-field-body\u0022\u003E        \u003Cp class=\u0022field-content\u0022\u003E\u003Cp\u003EHay arquitectos que construyen edificios y otros que construyen maneras de recorrer una ciudad. Rogelio Salmona pertenece a los segundos. Basta con caminar por el conjunto residencial las Torres del Parque, cerca a la Plaza de Toros, para...\u003C\/p\u003E\u003C\/p\u003E  \u003C\/div\u003E  \n  \u003Cdiv class=\u0022views-field views-field-nid\u0022\u003E        \u003Cspan class=\u0022field-content\u0022\u003E\u003Ca href=\u0022\/es\/noticia\/destacadas\/la-brujula\/40961\/geometrias-para-habitar-bogota\u0022\u003ELeer m\u00e1s\u003C\/a\u003E\u003C\/span\u003E  \u003C\/div\u003E\u003C\/li\u003E\n          \u003Cli class=\u0022views-row views-row-4 views-row-even\u0022\u003E  \n  \u003Cdiv class=\u0022views-field views-field-field-category\u0022\u003E        \u003Cdiv class=\u0022field-content\u0022\u003E\u003Cdiv class=\u0022news-category-25\u0022\u003EDestacadas\u003C\/div\u003E\u003C\/div\u003E  \u003C\/div\u003E  \n  \u003Cdiv class=\u0022views-field views-field-field-images\u0022\u003E        \u003Cdiv class=\u0022field-content\u0022\u003E\u003Ca href=\u0022\/es\/noticia\/destacadas\/instituto-confucio\/1476\/regresan-los-clubes-de-conversacion-de-chino-en-utadeo-segundo-semestre\u0022\u003E\u003Cimg typeof=\u0022foaf:Image\u0022 class=\u0022img-responsive\u0022 src=\u0022https:\/\/tadeo--live-mt34dr62p0g6.us.seedcloud.co\/sites\/tadeo\/files\/styles\/global_news_255x127\/public\/node\/news\/field_images\/club_de_mandarin_28_de_agosto_notaweb.png?itok=ls3ScX53\u0022 width=\u0022255\u0022 height=\u0022127\u0022 alt=\u0022\u0022 \/\u003E\u003C\/a\u003E\u003C\/div\u003E  \u003C\/div\u003E  \n  \u003Cdiv class=\u0022views-field views-field-title\u0022\u003E        \u003Ch2 class=\u0022field-content\u0022\u003E\u003Ca href=\u0022\/es\/noticia\/destacadas\/instituto-confucio\/1476\/regresan-los-clubes-de-conversacion-de-chino-en-utadeo-segundo-semestre\u0022\u003E\u00a1Regresan los clubes de conversaci\u00f3n de chino en Utadeo - segundo semestre!\u003C\/a\u003E\u003C\/h2\u003E  \u003C\/div\u003E  \n  \u003Cdiv class=\u0022views-field views-field-body\u0022\u003E        \u003Cp class=\u0022field-content\u0022\u003E\u003Cp\u003ESi quieres mejorar tu nivel de chino y practicar en situaciones cotidianas, \u00a1esta es tu oportunidad!\u003C\/p\u003E\u003C\/p\u003E  \u003C\/div\u003E  \n  \u003Cdiv class=\u0022views-field views-field-nid\u0022\u003E        \u003Cspan class=\u0022field-content\u0022\u003E\u003Ca href=\u0022\/es\/noticia\/destacadas\/instituto-confucio\/1476\/regresan-los-clubes-de-conversacion-de-chino-en-utadeo-segundo-semestre\u0022\u003ELeer m\u00e1s\u003C\/a\u003E\u003C\/span\u003E  \u003C\/div\u003E\u003C\/li\u003E\n          \u003Cli class=\u0022views-row views-row-5 views-row-odd\u0022\u003E  \n  \u003Cdiv class=\u0022views-field views-field-field-category\u0022\u003E        \u003Cdiv class=\u0022field-content\u0022\u003E\u003Cdiv class=\u0022news-category-25\u0022\u003EDestacadas\u003C\/div\u003E\u003C\/div\u003E  \u003C\/div\u003E  \n  \u003Cdiv class=\u0022views-field views-field-field-images\u0022\u003E        \u003Cdiv class=\u0022field-content\u0022\u003E\u003Ca href=\u0022\/es\/noticia\/destacadas\/comunicacion-social-periodismo\/70\/estudiante-de-comunicacion-social-y-periodismo-de-utadeo-es-nominada-los-premios-encuadre-2026\u0022\u003E\u003Cimg typeof=\u0022foaf:Image\u0022 class=\u0022img-responsive\u0022 src=\u0022https:\/\/tadeo--live-mt34dr62p0g6.us.seedcloud.co\/sites\/tadeo\/files\/styles\/global_news_255x127\/public\/node\/news\/field_images\/img_3278.jpeg?itok=8Q82B2nY\u0022 width=\u0022255\u0022 height=\u0022127\u0022 alt=\u0022\u0022 \/\u003E\u003C\/a\u003E\u003C\/div\u003E  \u003C\/div\u003E  \n  \u003Cdiv class=\u0022views-field views-field-title\u0022\u003E        \u003Ch2 class=\u0022field-content\u0022\u003E\u003Ca href=\u0022\/es\/noticia\/destacadas\/comunicacion-social-periodismo\/70\/estudiante-de-comunicacion-social-y-periodismo-de-utadeo-es-nominada-los-premios-encuadre-2026\u0022\u003EEstudiante de Comunicaci\u00f3n Social y Periodismo de Utadeo es nominada a los Premios Encuadre 2026\u003C\/a\u003E\u003C\/h2\u003E  \u003C\/div\u003E  \n  \u003Cdiv class=\u0022views-field views-field-body\u0022\u003E        \u003Cp class=\u0022field-content\u0022\u003E\u003Cp\u003EMar\u00eda Fernanda Navarro, estudiante de Comunicaci\u00f3n Social y Periodismo de Utadeo, fue nominada a los Premios Encuadre 2026 por su trabajo Los hijos de nadie en la categor\u00eda Mejor trabajo de periodismo escrito. \u003C\/p\u003E\u003C\/p\u003E  \u003C\/div\u003E  \n  \u003Cdiv class=\u0022views-field views-field-nid\u0022\u003E        \u003Cspan class=\u0022field-content\u0022\u003E\u003Ca href=\u0022\/es\/noticia\/destacadas\/comunicacion-social-periodismo\/70\/estudiante-de-comunicacion-social-y-periodismo-de-utadeo-es-nominada-los-premios-encuadre-2026\u0022\u003ELeer m\u00e1s\u003C\/a\u003E\u003C\/span\u003E  \u003C\/div\u003E\u003C\/li\u003E\n          \u003Cli class=\u0022views-row views-row-6 views-row-even\u0022\u003E  \n  \u003Cdiv class=\u0022views-field views-field-field-category\u0022\u003E        \u003Cdiv class=\u0022field-content\u0022\u003E\u003Cdiv class=\u0022news-category-25\u0022\u003EDestacadas\u003C\/div\u003E\u003C\/div\u003E  \u003C\/div\u003E  \n  \u003Cdiv class=\u0022views-field views-field-field-images\u0022\u003E        \u003Cdiv class=\u0022field-content\u0022\u003E\u003Ca href=\u0022\/es\/noticia\/destacadas\/ciencias-naturales-e-ingenieria\/36\/ingenieria-de-alimentos-y-seguridad-alimentaria-en-bancos-de-alimentos\u0022\u003E\u003Cimg typeof=\u0022foaf:Image\u0022 class=\u0022img-responsive\u0022 src=\u0022https:\/\/tadeo--live-mt34dr62p0g6.us.seedcloud.co\/sites\/tadeo\/files\/styles\/global_news_255x127\/public\/node\/news\/field_images\/img_2704.jpg?itok=kqU5f4LF\u0022 width=\u0022255\u0022 height=\u0022127\u0022 alt=\u0022\u0022 \/\u003E\u003C\/a\u003E\u003C\/div\u003E  \u003C\/div\u003E  \n  \u003Cdiv class=\u0022views-field views-field-title\u0022\u003E        \u003Ch2 class=\u0022field-content\u0022\u003E\u003Ca href=\u0022\/es\/noticia\/destacadas\/ciencias-naturales-e-ingenieria\/36\/ingenieria-de-alimentos-y-seguridad-alimentaria-en-bancos-de-alimentos\u0022\u003EIngenier\u00eda de Alimentos y Seguridad Alimentaria en Bancos de Alimentos\u003C\/a\u003E\u003C\/h2\u003E  \u003C\/div\u003E  \n  \u003Cdiv class=\u0022views-field views-field-body\u0022\u003E        \u003Cp class=\u0022field-content\u0022\u003E\u003Cp\u003EEstudiantes de Ingenier\u00eda de Alimentos participaron en una jornada de sensibilizaci\u00f3n y apoyo t\u00e9cnico en el Banco de Alimentos, aplicando sus conocimientos para contribuir a la seguridad alimentaria y al bienestar de poblaciones vulnerables.\u003C\/p\u003E\u003C\/p\u003E  \u003C\/div\u003E  \n  \u003Cdiv class=\u0022views-field views-field-nid\u0022\u003E        \u003Cspan class=\u0022field-content\u0022\u003E\u003Ca href=\u0022\/es\/noticia\/destacadas\/ciencias-naturales-e-ingenieria\/36\/ingenieria-de-alimentos-y-seguridad-alimentaria-en-bancos-de-alimentos\u0022\u003ELeer m\u00e1s\u003C\/a\u003E\u003C\/span\u003E  \u003C\/div\u003E\u003C\/li\u003E\n          \u003Cli class=\u0022views-row views-row-7 views-row-odd\u0022\u003E  \n  \u003Cdiv class=\u0022views-field views-field-field-category\u0022\u003E        \u003Cdiv class=\u0022field-content\u0022\u003E\u003Cdiv class=\u0022news-category-25\u0022\u003EDestacadas\u003C\/div\u003E\u003C\/div\u003E  \u003C\/div\u003E  \n  \u003Cdiv class=\u0022views-field views-field-field-images\u0022\u003E        \u003Cdiv class=\u0022field-content\u0022\u003E\u003Ca href=\u0022\/es\/noticia\/destacadas\/comunicacion-social-periodismo\/70\/asi-fue-la-presencia-de-la-utadeo-en-el-festival-gabo-con-estudiantes-docentes-y-proyectos\u0022\u003E\u003Cimg typeof=\u0022foaf:Image\u0022 class=\u0022img-responsive\u0022 src=\u0022https:\/\/tadeo--live-mt34dr62p0g6.us.seedcloud.co\/sites\/tadeo\/files\/styles\/global_news_255x127\/public\/node\/news\/field_images\/4641182b-25d3-4835-a267-4ae2d2c19ec9.jpeg?itok=ndibSLR1\u0022 width=\u0022255\u0022 height=\u0022127\u0022 alt=\u0022\u0022 \/\u003E\u003C\/a\u003E\u003C\/div\u003E  \u003C\/div\u003E  \n  \u003Cdiv class=\u0022views-field views-field-title\u0022\u003E        \u003Ch2 class=\u0022field-content\u0022\u003E\u003Ca href=\u0022\/es\/noticia\/destacadas\/comunicacion-social-periodismo\/70\/asi-fue-la-presencia-de-la-utadeo-en-el-festival-gabo-con-estudiantes-docentes-y-proyectos\u0022\u003EAs\u00ed fue la presencia de la Utadeo en el Festival Gabo con estudiantes, docentes y proyectos period\u00edsticos\u003C\/a\u003E\u003C\/h2\u003E  \u003C\/div\u003E  \n  \u003Cdiv class=\u0022views-field views-field-body\u0022\u003E        \u003Cp class=\u0022field-content\u0022\u003E\u003Cp\u003ELa Universidad Jorge Tadeo Lozano particip\u00f3 en diferentes espacios del Festival Gabo 2026 con la presencia de estudiantes de \u00d3yeme Utadeo, el director del programa de Comunicaci\u00f3n Social \u2013 Periodismo, \u00d3scar Dur\u00e1n, en el Encuentro de Directores y...\u003C\/p\u003E\u003C\/p\u003E  \u003C\/div\u003E  \n  \u003Cdiv class=\u0022views-field views-field-nid\u0022\u003E        \u003Cspan class=\u0022field-content\u0022\u003E\u003Ca href=\u0022\/es\/noticia\/destacadas\/comunicacion-social-periodismo\/70\/asi-fue-la-presencia-de-la-utadeo-en-el-festival-gabo-con-estudiantes-docentes-y-proyectos\u0022\u003ELeer m\u00e1s\u003C\/a\u003E\u003C\/span\u003E  \u003C\/div\u003E\u003C\/li\u003E\n          \u003Cli class=\u0022views-row views-row-8 views-row-even\u0022\u003E  \n  \u003Cdiv class=\u0022views-field views-field-field-category\u0022\u003E        \u003Cdiv class=\u0022field-content\u0022\u003E\u003Cdiv class=\u0022news-category-25\u0022\u003EDestacadas\u003C\/div\u003E\u003C\/div\u003E  \u003C\/div\u003E  \n  \u003Cdiv class=\u0022views-field views-field-field-images\u0022\u003E        \u003Cdiv class=\u0022field-content\u0022\u003E\u003Ca href=\u0022\/es\/noticia\/destacadas\/comunicacion-social-periodismo\/70\/emisora-oyeme-utadeo-lanza-su-nueva-aplicacion-movil-para-android-y-ios\u0022\u003E\u003Cimg typeof=\u0022foaf:Image\u0022 class=\u0022img-responsive\u0022 src=\u0022https:\/\/tadeo--live-mt34dr62p0g6.us.seedcloud.co\/sites\/tadeo\/files\/styles\/global_news_255x127\/public\/node\/news\/field_images\/img_2865.jpeg?itok=bZCQtKnK\u0022 width=\u0022255\u0022 height=\u0022127\u0022 alt=\u0022\u0022 \/\u003E\u003C\/a\u003E\u003C\/div\u003E  \u003C\/div\u003E  \n  \u003Cdiv class=\u0022views-field views-field-title\u0022\u003E        \u003Ch2 class=\u0022field-content\u0022\u003E\u003Ca href=\u0022\/es\/noticia\/destacadas\/comunicacion-social-periodismo\/70\/emisora-oyeme-utadeo-lanza-su-nueva-aplicacion-movil-para-android-y-ios\u0022\u003EEmisora \u00d3yeme Utadeo lanza su nueva aplicaci\u00f3n m\u00f3vil para Android y iOS\u003C\/a\u003E\u003C\/h2\u003E  \u003C\/div\u003E  \n  \u003Cdiv class=\u0022views-field views-field-body\u0022\u003E        \u003Cp class=\u0022field-content\u0022\u003E\u003Cp\u003ELa emisora \u00d3yeme Utadeo ya est\u00e1 disponible en los smartphones de todo el pa\u00eds gracias al lanzamiento de su nueva aplicaci\u00f3n m\u00f3vil para Android e iOS, dise\u00f1ada para ofrecer una experiencia m\u00e1s cercana, din\u00e1mica e intuitiva a sus oyentes.\u003C\/p\u003E\u003C\/p\u003E  \u003C\/div\u003E  \n  \u003Cdiv class=\u0022views-field views-field-nid\u0022\u003E        \u003Cspan class=\u0022field-content\u0022\u003E\u003Ca href=\u0022\/es\/noticia\/destacadas\/comunicacion-social-periodismo\/70\/emisora-oyeme-utadeo-lanza-su-nueva-aplicacion-movil-para-android-y-ios\u0022\u003ELeer m\u00e1s\u003C\/a\u003E\u003C\/span\u003E  \u003C\/div\u003E\u003C\/li\u003E\n          \u003Cli class=\u0022views-row views-row-9 views-row-odd\u0022\u003E  \n  \u003Cdiv class=\u0022views-field views-field-field-category\u0022\u003E        \u003Cdiv class=\u0022field-content\u0022\u003E\u003Cdiv class=\u0022news-category-25\u0022\u003EDestacadas\u003C\/div\u003E\u003C\/div\u003E  \u003C\/div\u003E  \n  \u003Cdiv class=\u0022views-field views-field-field-images\u0022\u003E        \u003Cdiv class=\u0022field-content\u0022\u003E\u003Ca href=\u0022\/es\/noticia\/destacadas\/comunicacion-social-periodismo\/70\/crossmedialab-de-la-utadeo-lleva-la-voz-de-los-medios-universitarios-al-encuentro-de-directores-y\u0022\u003E\u003Cimg typeof=\u0022foaf:Image\u0022 class=\u0022img-responsive\u0022 src=\u0022https:\/\/tadeo--live-mt34dr62p0g6.us.seedcloud.co\/sites\/tadeo\/files\/styles\/global_news_255x127\/public\/node\/news\/field_images\/img_2783.jpeg?itok=Em-B8SZ7\u0022 width=\u0022255\u0022 height=\u0022127\u0022 alt=\u0022\u0022 \/\u003E\u003C\/a\u003E\u003C\/div\u003E  \u003C\/div\u003E  \n  \u003Cdiv class=\u0022views-field views-field-title\u0022\u003E        \u003Ch2 class=\u0022field-content\u0022\u003E\u003Ca href=\u0022\/es\/noticia\/destacadas\/comunicacion-social-periodismo\/70\/crossmedialab-de-la-utadeo-lleva-la-voz-de-los-medios-universitarios-al-encuentro-de-directores-y\u0022\u003ECrossmediaLab de la Utadeo lleva la voz de los medios universitarios al Encuentro de Directores y Editores del Festival Gabo\u003C\/a\u003E\u003C\/h2\u003E  \u003C\/div\u003E  \n  \u003Cdiv class=\u0022views-field views-field-body\u0022\u003E        \u003Cp class=\u0022field-content\u0022\u003E\u003Cp\u003ECrossmediaLab de la Utadeo lleva la voz de los medios universitarios al Encuentro de Directores y Editores del Festival Gabo\u003C\/p\u003E\u003C\/p\u003E  \u003C\/div\u003E  \n  \u003Cdiv class=\u0022views-field views-field-nid\u0022\u003E        \u003Cspan class=\u0022field-content\u0022\u003E\u003Ca href=\u0022\/es\/noticia\/destacadas\/comunicacion-social-periodismo\/70\/crossmedialab-de-la-utadeo-lleva-la-voz-de-los-medios-universitarios-al-encuentro-de-directores-y\u0022\u003ELeer m\u00e1s\u003C\/a\u003E\u003C\/span\u003E  \u003C\/div\u003E\u003C\/li\u003E\n          \u003Cli class=\u0022views-row views-row-10 views-row-even views-row-last\u0022\u003E  \n  \u003Cdiv class=\u0022views-field views-field-field-category\u0022\u003E        \u003Cdiv class=\u0022field-content\u0022\u003E\u003Cdiv class=\u0022news-category-25\u0022\u003EDestacadas\u003C\/div\u003E\u003C\/div\u003E  \u003C\/div\u003E  \n  \u003Cdiv class=\u0022views-field views-field-field-images\u0022\u003E        \u003Cdiv class=\u0022field-content\u0022\u003E\u003Ca href=\u0022\/es\/noticia\/destacadas\/comunicacion-social-periodismo\/70\/aqui-estamos-aqui-contamos-bogota-se-prepara-para-el-14deg-festival-gabo-del-24-al-26-de-julio-de\u0022\u003E\u003Cimg typeof=\u0022foaf:Image\u0022 class=\u0022img-responsive\u0022 src=\u0022https:\/\/tadeo--live-mt34dr62p0g6.us.seedcloud.co\/sites\/tadeo\/files\/styles\/global_news_255x127\/public\/node\/news\/field_images\/97a1af7c-63e9-4b9f-850f-a0408f5d9e70.jpeg?itok=UOaX-sO1\u0022 width=\u0022255\u0022 height=\u0022127\u0022 alt=\u0022\u0022 \/\u003E\u003C\/a\u003E\u003C\/div\u003E  \u003C\/div\u003E  \n  \u003Cdiv class=\u0022views-field views-field-title\u0022\u003E        \u003Ch2 class=\u0022field-content\u0022\u003E\u003Ca href=\u0022\/es\/noticia\/destacadas\/comunicacion-social-periodismo\/70\/aqui-estamos-aqui-contamos-bogota-se-prepara-para-el-14deg-festival-gabo-del-24-al-26-de-julio-de\u0022\u003E\u2018Aqu\u00ed estamos, aqu\u00ed contamos\u2019 Bogot\u00e1 se prepara para el 14\u00b0 Festival Gabo, del 24 al 26 de julio de 2026\u003C\/a\u003E\u003C\/h2\u003E  \u003C\/div\u003E  \n  \u003Cdiv class=\u0022views-field views-field-body\u0022\u003E        \u003Cp class=\u0022field-content\u0022\u003E\u003Cp\u003EA un a\u00f1o del centenario de Gabriel Garc\u00eda M\u00e1rquez, la Fundaci\u00f3n Gabo anuncia una nueva edici\u00f3n de su festival con una invitaci\u00f3n a defender el periodismo y la cultura como formas de permanencia en un tiempo que insiste en lo contrario. La Utadeo...\u003C\/p\u003E\u003C\/p\u003E  \u003C\/div\u003E  \n  \u003Cdiv class=\u0022views-field views-field-nid\u0022\u003E        \u003Cspan class=\u0022field-content\u0022\u003E\u003Ca href=\u0022\/es\/noticia\/destacadas\/comunicacion-social-periodismo\/70\/aqui-estamos-aqui-contamos-bogota-se-prepara-para-el-14deg-festival-gabo-del-24-al-26-de-julio-de\u0022\u003ELeer m\u00e1s\u003C\/a\u003E\u003C\/span\u003E  \u003C\/div\u003E\u003C\/li\u003E\n      \u003C\/ul\u003E\u003C\/div\u003E    \u003C\/div\u003E\n  \n  \n  \n  \n      \u003Cdiv class=\u0022view-footer\u0022\u003E\n      \u003Cdiv class=\u0022slider-galleries\u0022\u003E\u003Cdiv class=\u0022tadeo-link-all\u0022\u003E\u003Ca href=\u0022\/es\/noticias\u0022\u003EVer todas las noticias\u003C\/a\u003E\u003C\/div\u003E\u003Ca href=\u0022\/es\u0022 class=\u0022buttons next\u0022\u003Eprev\u003C\/a\u003E\u003Ca href=\u0022\/es\u0022 class=\u0022buttons prev\u0022\u003Enext\u003C\/a\u003E\u003C\/div\u003E    \u003C\/div\u003E\n  \n  \n\u003C\/div\u003E","settings":null}]