
[{"command":"settings","settings":{"basePath":"\/","pathPrefix":"es\/","setHasJsCookie":0,"ajaxPageState":{"theme":"bootstrap_utadeo","theme_token":"ff6TTOURq2vK2Rfm0hXtY72-IgamFDXOwgGUPcCb0Gc","jquery_version":"2.1","jquery_version_token":"p3m9tQzMk6_FRmPVW34ces37IcAPpOr-yjl9WwQ4hL4"},"colorbox":{"opacity":"0.85","current":"{current} of {total}","previous":"\u00ab Prev","next":"Next \u00bb","close":"Cerrar","maxWidth":"98%","maxHeight":"98%","fixed":true,"mobiledetect":true,"mobiledevicewidth":"480px"},"jcarousel":{"ajaxPath":"\/es\/jcarousel\/ajax\/views"},"CToolsModal":{"loadingText":"Cargando...","closeText":"Cerrar ventana","closeImage":"\u003Cimg typeof=\u0022foaf:Image\u0022 class=\u0022img-responsive\u0022 src=\u0022https:\/\/tadeo--live-mt34dr62p0g6.us.seedcloud.co\/profiles\/seed_dist\/modules\/contrib\/ctools\/images\/icon-close-window.png\u0022 alt=\u0022Cerrar ventana\u0022 title=\u0022Cerrar ventana\u0022 \/\u003E","throbber":"\u003Cimg typeof=\u0022foaf:Image\u0022 class=\u0022img-responsive\u0022 src=\u0022https:\/\/tadeo--live-mt34dr62p0g6.us.seedcloud.co\/profiles\/seed_dist\/modules\/contrib\/ctools\/images\/throbber.gif\u0022 alt=\u0022Cargando\u0022 title=\u0022Cargando...\u0022 \/\u003E"},"modal-popup-small":{"modalSize":{"type":"fixed","width":300,"height":300},"modalOptions":{"opacity":0.84999999999999998,"background":"#000"},"animation":"fadeIn","modalTheme":"ModalFormsPopup","throbber":"\u003Cimg typeof=\u0022foaf:Image\u0022 class=\u0022img-responsive\u0022 src=\u0022https:\/\/tadeo--live-mt34dr62p0g6.us.seedcloud.co\/sites\/tadeo\/modules\/contrib\/modal_forms\/images\/loading_animation.gif\u0022 alt=\u0022Cargando...\u0022 title=\u0022Cargando\u0022 \/\u003E","closeText":"Cerrar"},"modal-popup-medium":{"modalSize":{"type":"scale","width":0.59999999999999998,"height":0.55000000000000004},"modalOptions":{"opacity":0.84999999999999998,"background":"#000"},"animation":"fadeIn","modalTheme":"ModalFormsPopup","throbber":"\u003Cimg typeof=\u0022foaf:Image\u0022 class=\u0022img-responsive\u0022 src=\u0022https:\/\/tadeo--live-mt34dr62p0g6.us.seedcloud.co\/sites\/tadeo\/modules\/contrib\/modal_forms\/images\/loading_animation.gif\u0022 alt=\u0022Cargando...\u0022 title=\u0022Cargando\u0022 \/\u003E","closeText":"Cerrar"},"modal-popup-large":{"modalSize":{"type":"scale","width":0.80000000000000004,"height":0.80000000000000004},"modalOptions":{"opacity":0.84999999999999998,"background":"#000"},"animation":"fadeIn","modalTheme":"ModalFormsPopup","throbber":"\u003Cimg typeof=\u0022foaf:Image\u0022 class=\u0022img-responsive\u0022 src=\u0022https:\/\/tadeo--live-mt34dr62p0g6.us.seedcloud.co\/sites\/tadeo\/modules\/contrib\/modal_forms\/images\/loading_animation.gif\u0022 alt=\u0022Cargando...\u0022 title=\u0022Cargando\u0022 \/\u003E","closeText":"Cerrar"},"whatsappshare":{"whatsappshare_button_text":"Compartir en Whatsapp","whatsappshare_button_size":"wa_btn_s","whatsappshare_sharing_text":"Enlace compartido","whatsappshare_sharing_location":"#page-title","whatsappshare_site_name":"Universidad de Bogot\u00e1 Jorge Tadeo Lozano","whatsappshare_page_title":"","base_path":"https:\/\/tadeo--live-mt34dr62p0g6.us.seedcloud.co\/es\/news\/ajax\/31\/all"},"custom_search":{"form_target":"_self","solr":0},"views":{"ajax_path":"\/es\/views\/ajax","ajaxViews":{"views_dom_id:6d33255483a7df2e35e3603c158bfcdb":{"view_name":"global_news","view_display_id":"block","view_args":"31\/all","view_path":"news\/ajax\/31\/all","view_base_path":"investigacion\/noticias","view_dom_id":"6d33255483a7df2e35e3603c158bfcdb","pager_element":0}}},"urlIsAjaxTrusted":{"\/es\/views\/ajax":true},"better_exposed_filters":{"views":{"global_news":{"displays":{"block":{"filters":[]}}}}},"bootstrap":{"anchorsFix":"0","anchorsSmoothScrolling":"0","formHasError":1,"popoverEnabled":1,"popoverOptions":{"animation":1,"html":0,"placement":"right","selector":"","trigger":"click","triggerAutoclose":1,"title":"","content":"","delay":0,"container":"body"},"tooltipEnabled":1,"tooltipOptions":{"animation":1,"html":0,"placement":"auto left","selector":"","trigger":"hover focus","delay":0,"container":"body"}}},"merge":true},{"command":"insert","method":"html","selector":"#news-reload","data":"\u003Cdiv class=\u0022view view-global-news view-id-global_news view-display-id-block news-slider view-dom-id-6d33255483a7df2e35e3603c158bfcdb\u0022\u003E\n        \n  \n  \n      \u003Cdiv class=\u0022view-content\u0022\u003E\n      \u003Cdiv class=\u0022item-list\u0022\u003E    \u003Cul class=\u0022overview\u0022\u003E          \u003Cli class=\u0022views-row views-row-1 views-row-odd views-row-first\u0022\u003E  \n  \u003Cdiv class=\u0022views-field views-field-field-category\u0022\u003E        \u003Cdiv class=\u0022field-content\u0022\u003E\u003Cdiv class=\u0022news-category-31\u0022\u003EEspeciales\u003C\/div\u003E\u003C\/div\u003E  \u003C\/div\u003E  \n  \u003Cdiv class=\u0022views-field views-field-field-images\u0022\u003E        \u003Cdiv class=\u0022field-content\u0022\u003E\u003Ca href=\u0022\/es\/noticia\/especiales\/la-brujula\/40961\/si-no-nos-nombran-como-seremos-escuchadas\u0022\u003E\u003Cimg typeof=\u0022foaf:Image\u0022 class=\u0022img-responsive\u0022 src=\u0022https:\/\/tadeo--live-mt34dr62p0g6.us.seedcloud.co\/sites\/tadeo\/files\/styles\/global_news_255x127\/public\/node\/news\/field_images\/indigenas_5-sep-_mesa_de_trabajo_1_0.png?itok=fPow5SxD\u0022 width=\u0022255\u0022 height=\u0022127\u0022 alt=\u0022\u0022 \/\u003E\u003C\/a\u003E\u003C\/div\u003E  \u003C\/div\u003E  \n  \u003Cdiv class=\u0022views-field views-field-title\u0022\u003E        \u003Ch2 class=\u0022field-content\u0022\u003E\u003Ca href=\u0022\/es\/noticia\/especiales\/la-brujula\/40961\/si-no-nos-nombran-como-seremos-escuchadas\u0022\u003ESi no nos nombran, \u00bfc\u00f3mo seremos escuchadas?\u003C\/a\u003E\u003C\/h2\u003E  \u003C\/div\u003E  \n  \u003Cdiv class=\u0022views-field views-field-body\u0022\u003E        \u003Cp class=\u0022field-content\u0022\u003E\u003Cp\u003EEn la vida cotidiana utilizamos palabras que no suelen tener importancia en nosotros hasta que desaparecen; una de ellas es ni\u00f1a . En los \u00faltimos d\u00edas la decisi\u00f3n de privilegiar la palabra ni\u00f1ez como t\u00e9rmino y eje de comunicaci\u00f3n en ciertos...\u003C\/p\u003E\u003C\/p\u003E  \u003C\/div\u003E  \n  \u003Cdiv class=\u0022views-field views-field-nid\u0022\u003E        \u003Cspan class=\u0022field-content\u0022\u003E\u003Ca href=\u0022\/es\/noticia\/especiales\/la-brujula\/40961\/si-no-nos-nombran-como-seremos-escuchadas\u0022\u003ELeer m\u00e1s\u003C\/a\u003E\u003C\/span\u003E  \u003C\/div\u003E\u003C\/li\u003E\n          \u003Cli class=\u0022views-row views-row-2 views-row-even\u0022\u003E  \n  \u003Cdiv class=\u0022views-field views-field-field-category\u0022\u003E        \u003Cdiv class=\u0022field-content\u0022\u003E\u003Cdiv class=\u0022news-category-31\u0022\u003EEspeciales\u003C\/div\u003E\u003C\/div\u003E  \u003C\/div\u003E  \n  \u003Cdiv class=\u0022views-field views-field-field-images\u0022\u003E        \u003Cdiv class=\u0022field-content\u0022\u003E\u003Ca href=\u0022\/es\/noticia\/especiales\/sistema-de-bibliotecas\/104046\/feria-del-libro-tadeista-2026\u0022\u003E\u003Cimg typeof=\u0022foaf:Image\u0022 class=\u0022img-responsive\u0022 src=\u0022https:\/\/tadeo--live-mt34dr62p0g6.us.seedcloud.co\/sites\/tadeo\/files\/styles\/global_news_255x127\/public\/node\/news\/field_images\/filbo_tadeista_2026_notaweb.png?itok=OIyAmIJl\u0022 width=\u0022255\u0022 height=\u0022127\u0022 alt=\u0022Feria del Libro Tade\u00edsta 2026 \u0022 title=\u0022Feria del Libro Tade\u00edsta 2026 \u0022 \/\u003E\u003C\/a\u003E\u003C\/div\u003E  \u003C\/div\u003E  \n  \u003Cdiv class=\u0022views-field views-field-title\u0022\u003E        \u003Ch2 class=\u0022field-content\u0022\u003E\u003Ca href=\u0022\/es\/noticia\/especiales\/sistema-de-bibliotecas\/104046\/feria-del-libro-tadeista-2026\u0022\u003EFeria del Libro Tade\u00edsta 2026 \u003C\/a\u003E\u003C\/h2\u003E  \u003C\/div\u003E  \n  \u003Cdiv class=\u0022views-field views-field-body\u0022\u003E        \u003Cp class=\u0022field-content\u0022\u003E\u003Cp\u003EEncu\u00e9ntranos desde el martes 1 al jueves 3 de septiembre en el Hall el m\u00f3dulo 2 de la Universidad Tadeo Lozano. \u003C\/p\u003E\u003C\/p\u003E  \u003C\/div\u003E  \n  \u003Cdiv class=\u0022views-field views-field-nid\u0022\u003E        \u003Cspan class=\u0022field-content\u0022\u003E\u003Ca href=\u0022\/es\/noticia\/especiales\/sistema-de-bibliotecas\/104046\/feria-del-libro-tadeista-2026\u0022\u003ELeer m\u00e1s\u003C\/a\u003E\u003C\/span\u003E  \u003C\/div\u003E\u003C\/li\u003E\n          \u003Cli class=\u0022views-row views-row-3 views-row-odd\u0022\u003E  \n  \u003Cdiv class=\u0022views-field views-field-field-category\u0022\u003E        \u003Cdiv class=\u0022field-content\u0022\u003E\u003Cdiv class=\u0022news-category-31\u0022\u003EEspeciales\u003C\/div\u003E\u003C\/div\u003E  \u003C\/div\u003E  \n  \u003Cdiv class=\u0022views-field views-field-field-images\u0022\u003E        \u003Cdiv class=\u0022field-content\u0022\u003E\u003Ca href=\u0022\/es\/noticia\/especiales\/sistema-de-bibliotecas\/104046\/conversatorio-la-ia-reemplazara-al-bibliotecario\u0022\u003E\u003Cimg typeof=\u0022foaf:Image\u0022 class=\u0022img-responsive\u0022 src=\u0022https:\/\/tadeo--live-mt34dr62p0g6.us.seedcloud.co\/sites\/tadeo\/files\/styles\/global_news_255x127\/public\/node\/news\/field_images\/conversatorio_27_de_agosto_notaweb.png?itok=-uUQnyg4\u0022 width=\u0022255\u0022 height=\u0022127\u0022 alt=\u0022Conversatorio \u00bfLa IA reemplazar\u00e1 al bibliotecario?\u0022 title=\u0022Conversatorio \u00bfLa IA reemplazar\u00e1 al bibliotecario?\u0022 \/\u003E\u003C\/a\u003E\u003C\/div\u003E  \u003C\/div\u003E  \n  \u003Cdiv class=\u0022views-field views-field-title\u0022\u003E        \u003Ch2 class=\u0022field-content\u0022\u003E\u003Ca href=\u0022\/es\/noticia\/especiales\/sistema-de-bibliotecas\/104046\/conversatorio-la-ia-reemplazara-al-bibliotecario\u0022\u003EConversatorio \u00bfLa IA reemplazar\u00e1 al bibliotecario?\u003C\/a\u003E\u003C\/h2\u003E  \u003C\/div\u003E  \n  \u003Cdiv class=\u0022views-field views-field-body\u0022\u003E        \u003Cp class=\u0022field-content\u0022\u003E\u003Cp\u003EEl jueves 27 de agosto la Directora del Sistema de Bibliotecas Utadeo Claudia Becerra M\u00e1rquez junto a tres personas expertas abordara los desaf\u00edos que las y los Bibliotecarios enfrentan frente a los avances de la Inteligencia Artificial y como...\u003C\/p\u003E\u003C\/p\u003E  \u003C\/div\u003E  \n  \u003Cdiv class=\u0022views-field views-field-nid\u0022\u003E        \u003Cspan class=\u0022field-content\u0022\u003E\u003Ca href=\u0022\/es\/noticia\/especiales\/sistema-de-bibliotecas\/104046\/conversatorio-la-ia-reemplazara-al-bibliotecario\u0022\u003ELeer m\u00e1s\u003C\/a\u003E\u003C\/span\u003E  \u003C\/div\u003E\u003C\/li\u003E\n          \u003Cli class=\u0022views-row views-row-4 views-row-even\u0022\u003E  \n  \u003Cdiv class=\u0022views-field views-field-field-category\u0022\u003E        \u003Cdiv class=\u0022field-content\u0022\u003E\u003Cdiv class=\u0022news-category-31\u0022\u003EEspeciales\u003C\/div\u003E\u003C\/div\u003E  \u003C\/div\u003E  \n  \u003Cdiv class=\u0022views-field views-field-field-images\u0022\u003E        \u003Cdiv class=\u0022field-content\u0022\u003E\u003Ca href=\u0022\/es\/noticia\/especiales\/sistema-de-bibliotecas\/104046\/todo-lo-que-te-ofrece-la-biblioteca-24-horas\u0022\u003E\u003Cimg typeof=\u0022foaf:Image\u0022 class=\u0022img-responsive\u0022 src=\u0022https:\/\/tadeo--live-mt34dr62p0g6.us.seedcloud.co\/sites\/tadeo\/files\/styles\/global_news_255x127\/public\/node\/news\/field_images\/biblioteca_24_horas_2026_i_nota_web_servicios_agosto_mesa_de_trabajo_1_copia_3.png?itok=sW4FNqpa\u0022 width=\u0022255\u0022 height=\u0022127\u0022 alt=\u0022Todo lo que te ofrece la Biblioteca 24 horas\u0022 title=\u0022Todo lo que te ofrece la Biblioteca 24 horas\u0022 \/\u003E\u003C\/a\u003E\u003C\/div\u003E  \u003C\/div\u003E  \n  \u003Cdiv class=\u0022views-field views-field-title\u0022\u003E        \u003Ch2 class=\u0022field-content\u0022\u003E\u003Ca href=\u0022\/es\/noticia\/especiales\/sistema-de-bibliotecas\/104046\/todo-lo-que-te-ofrece-la-biblioteca-24-horas\u0022\u003ETodo lo que te ofrece la Biblioteca 24 horas\u003C\/a\u003E\u003C\/h2\u003E  \u003C\/div\u003E  \n  \u003Cdiv class=\u0022views-field views-field-body\u0022\u003E        \u003Cp class=\u0022field-content\u0022\u003E\u003Cp\u003ETe presentamos las servicios, \u00e1reas y recursos que te ofrecemos durante la semana de parciales en nuestra Biblioteca 24Horas \u003C\/p\u003E\u003C\/p\u003E  \u003C\/div\u003E  \n  \u003Cdiv class=\u0022views-field views-field-nid\u0022\u003E        \u003Cspan class=\u0022field-content\u0022\u003E\u003Ca href=\u0022\/es\/noticia\/especiales\/sistema-de-bibliotecas\/104046\/todo-lo-que-te-ofrece-la-biblioteca-24-horas\u0022\u003ELeer m\u00e1s\u003C\/a\u003E\u003C\/span\u003E  \u003C\/div\u003E\u003C\/li\u003E\n          \u003Cli class=\u0022views-row views-row-5 views-row-odd\u0022\u003E  \n  \u003Cdiv class=\u0022views-field views-field-field-category\u0022\u003E        \u003Cdiv class=\u0022field-content\u0022\u003E\u003Cdiv class=\u0022news-category-31\u0022\u003EEspeciales\u003C\/div\u003E\u003C\/div\u003E  \u003C\/div\u003E  \n  \u003Cdiv class=\u0022views-field views-field-field-images\u0022\u003E        \u003Cdiv class=\u0022field-content\u0022\u003E\u003Ca href=\u0022\/es\/noticia\/especiales\/sistema-de-bibliotecas\/104046\/tu-biblioteca-24-horas-esta-de-vuelta-2026-ii\u0022\u003E\u003Cimg typeof=\u0022foaf:Image\u0022 class=\u0022img-responsive\u0022 src=\u0022https:\/\/tadeo--live-mt34dr62p0g6.us.seedcloud.co\/sites\/tadeo\/files\/styles\/global_news_255x127\/public\/node\/news\/field_images\/biblioteca_24_horas_2026_i_wailoo_horarios_agosto_mesa_de_trabajo_1_copia_4_mesa_de_trabajo_1_copia_4.png?itok=CeMdrWRK\u0022 width=\u0022255\u0022 height=\u0022127\u0022 alt=\u0022Tu Biblioteca 24 Horas est\u00e1 de vuelta 2026 II\u0022 title=\u0022Tu Biblioteca 24 Horas est\u00e1 de vuelta 2026 II\u0022 \/\u003E\u003C\/a\u003E\u003C\/div\u003E  \u003C\/div\u003E  \n  \u003Cdiv class=\u0022views-field views-field-title\u0022\u003E        \u003Ch2 class=\u0022field-content\u0022\u003E\u003Ca href=\u0022\/es\/noticia\/especiales\/sistema-de-bibliotecas\/104046\/tu-biblioteca-24-horas-esta-de-vuelta-2026-ii\u0022\u003ETu Biblioteca 24 Horas est\u00e1 de vuelta 2026 II\u003C\/a\u003E\u003C\/h2\u003E  \u003C\/div\u003E  \n  \u003Cdiv class=\u0022views-field views-field-body\u0022\u003E        \u003Cp class=\u0022field-content\u0022\u003E\u003Cp\u003ETu Biblioteca Utadeo nuevamente abre sus puertas las 24 Horas en semana de parciales, no te lo pierdas.\u003C\/p\u003E\u003C\/p\u003E  \u003C\/div\u003E  \n  \u003Cdiv class=\u0022views-field views-field-nid\u0022\u003E        \u003Cspan class=\u0022field-content\u0022\u003E\u003Ca href=\u0022\/es\/noticia\/especiales\/sistema-de-bibliotecas\/104046\/tu-biblioteca-24-horas-esta-de-vuelta-2026-ii\u0022\u003ELeer m\u00e1s\u003C\/a\u003E\u003C\/span\u003E  \u003C\/div\u003E\u003C\/li\u003E\n          \u003Cli class=\u0022views-row views-row-6 views-row-even\u0022\u003E  \n  \u003Cdiv class=\u0022views-field views-field-field-category\u0022\u003E        \u003Cdiv class=\u0022field-content\u0022\u003E\u003Cdiv class=\u0022news-category-31\u0022\u003EEspeciales\u003C\/div\u003E\u003C\/div\u003E  \u003C\/div\u003E  \n  \u003Cdiv class=\u0022views-field views-field-field-images\u0022\u003E        \u003Cdiv class=\u0022field-content\u0022\u003E\u003Ca href=\u0022\/es\/noticia\/especiales\/sistema-de-bibliotecas\/104046\/agenda-cultural-16-al-22-de-agosto-2026\u0022\u003E\u003Cimg typeof=\u0022foaf:Image\u0022 class=\u0022img-responsive\u0022 src=\u0022https:\/\/tadeo--live-mt34dr62p0g6.us.seedcloud.co\/sites\/tadeo\/files\/styles\/global_news_255x127\/public\/node\/news\/field_images\/portada_agenda_cultural_nota_web_20.png?itok=pYa03Qfz\u0022 width=\u0022255\u0022 height=\u0022127\u0022 alt=\u0022Agenda Cultural 16 al 22 de agosto 2026\u0022 title=\u0022Agenda Cultural 16 al 22 de agosto 2026\u0022 \/\u003E\u003C\/a\u003E\u003C\/div\u003E  \u003C\/div\u003E  \n  \u003Cdiv class=\u0022views-field views-field-title\u0022\u003E        \u003Ch2 class=\u0022field-content\u0022\u003E\u003Ca href=\u0022\/es\/noticia\/especiales\/sistema-de-bibliotecas\/104046\/agenda-cultural-16-al-22-de-agosto-2026\u0022\u003EAgenda Cultural 16 al 22 de agosto 2026\u003C\/a\u003E\u003C\/h2\u003E  \u003C\/div\u003E  \n  \u003Cdiv class=\u0022views-field views-field-body\u0022\u003E        \u003Cp class=\u0022field-content\u0022\u003E\u003Cp\u003ETe presentamos la agenda cultural, progr\u00e1mate con los eventos que trae el sistema de Bibliotecas Utadeo.\u003C\/p\u003E\u003C\/p\u003E  \u003C\/div\u003E  \n  \u003Cdiv class=\u0022views-field views-field-nid\u0022\u003E        \u003Cspan class=\u0022field-content\u0022\u003E\u003Ca href=\u0022\/es\/noticia\/especiales\/sistema-de-bibliotecas\/104046\/agenda-cultural-16-al-22-de-agosto-2026\u0022\u003ELeer m\u00e1s\u003C\/a\u003E\u003C\/span\u003E  \u003C\/div\u003E\u003C\/li\u003E\n          \u003Cli class=\u0022views-row views-row-7 views-row-odd\u0022\u003E  \n  \u003Cdiv class=\u0022views-field views-field-field-category\u0022\u003E        \u003Cdiv class=\u0022field-content\u0022\u003E\u003Cdiv class=\u0022news-category-31\u0022\u003EEspeciales\u003C\/div\u003E\u003C\/div\u003E  \u003C\/div\u003E  \n  \u003Cdiv class=\u0022views-field views-field-field-images\u0022\u003E        \u003Cdiv class=\u0022field-content\u0022\u003E\u003Ca href=\u0022\/es\/noticia\/especiales\/sistema-de-bibliotecas\/104046\/inscripciones-abiertas-para-fc26\u0022\u003E\u003Cimg typeof=\u0022foaf:Image\u0022 class=\u0022img-responsive\u0022 src=\u0022https:\/\/tadeo--live-mt34dr62p0g6.us.seedcloud.co\/sites\/tadeo\/files\/styles\/global_news_255x127\/public\/node\/news\/field_images\/torneo_fc26_notaweb.png?itok=zJ6RYcA_\u0022 width=\u0022255\u0022 height=\u0022127\u0022 alt=\u0022Inscripciones abiertas para FC26 \u0022 title=\u0022Inscripciones abiertas para FC26 \u0022 \/\u003E\u003C\/a\u003E\u003C\/div\u003E  \u003C\/div\u003E  \n  \u003Cdiv class=\u0022views-field views-field-title\u0022\u003E        \u003Ch2 class=\u0022field-content\u0022\u003E\u003Ca href=\u0022\/es\/noticia\/especiales\/sistema-de-bibliotecas\/104046\/inscripciones-abiertas-para-fc26\u0022\u003EInscripciones abiertas para FC26 \u003C\/a\u003E\u003C\/h2\u003E  \u003C\/div\u003E  \n  \u003Cdiv class=\u0022views-field views-field-body\u0022\u003E        \u003Cp class=\u0022field-content\u0022\u003E\u003Cp\u003EInscripciones abiertas para el torneo de FC26\u003C\/p\u003E\u003C\/p\u003E  \u003C\/div\u003E  \n  \u003Cdiv class=\u0022views-field views-field-nid\u0022\u003E        \u003Cspan class=\u0022field-content\u0022\u003E\u003Ca href=\u0022\/es\/noticia\/especiales\/sistema-de-bibliotecas\/104046\/inscripciones-abiertas-para-fc26\u0022\u003ELeer m\u00e1s\u003C\/a\u003E\u003C\/span\u003E  \u003C\/div\u003E\u003C\/li\u003E\n          \u003Cli class=\u0022views-row views-row-8 views-row-even\u0022\u003E  \n  \u003Cdiv class=\u0022views-field views-field-field-category\u0022\u003E        \u003Cdiv class=\u0022field-content\u0022\u003E\u003Cdiv class=\u0022news-category-31\u0022\u003EEspeciales\u003C\/div\u003E\u003C\/div\u003E  \u003C\/div\u003E  \n  \u003Cdiv class=\u0022views-field views-field-field-images\u0022\u003E        \u003Cdiv class=\u0022field-content\u0022\u003E\u003Ca href=\u0022\/es\/noticia\/especiales\/comunicacion-social-y-periodismo\/309251\/investigacion-internacional-sobre-memoria-identidad-y-puertos-reune-la-utadeo-con-universidades-de\u0022\u003E\u003Cimg typeof=\u0022foaf:Image\u0022 class=\u0022img-responsive\u0022 src=\u0022https:\/\/tadeo--live-mt34dr62p0g6.us.seedcloud.co\/sites\/tadeo\/files\/styles\/global_news_255x127\/public\/node\/news\/field_images\/puerto_ciolombia.jpeg?itok=767o2BCO\u0022 width=\u0022255\u0022 height=\u0022127\u0022 alt=\u0022\u0022 \/\u003E\u003C\/a\u003E\u003C\/div\u003E  \u003C\/div\u003E  \n  \u003Cdiv class=\u0022views-field views-field-title\u0022\u003E        \u003Ch2 class=\u0022field-content\u0022\u003E\u003Ca href=\u0022\/es\/noticia\/especiales\/comunicacion-social-y-periodismo\/309251\/investigacion-internacional-sobre-memoria-identidad-y-puertos-reune-la-utadeo-con-universidades-de\u0022\u003EInvestigaci\u00f3n internacional sobre memoria, identidad y puertos re\u00fane a la Utadeo con universidades de Europa\u003C\/a\u003E\u003C\/h2\u003E  \u003C\/div\u003E  \n  \u003Cdiv class=\u0022views-field views-field-body\u0022\u003E        \u003Cp class=\u0022field-content\u0022\u003E\u003Cp\u003EEl Programa de Comunicaci\u00f3n Social \u2013 Periodismo de la Universidad Jorge Tadeo Lozano participa en Mem\u00f3rias Viajantes, un proyecto internacional liderado por la Universidad de Lisboa que explora las relaciones entre memoria, identidad y patrimonio...\u003C\/p\u003E\u003C\/p\u003E  \u003C\/div\u003E  \n  \u003Cdiv class=\u0022views-field views-field-nid\u0022\u003E        \u003Cspan class=\u0022field-content\u0022\u003E\u003Ca href=\u0022\/es\/noticia\/especiales\/comunicacion-social-y-periodismo\/309251\/investigacion-internacional-sobre-memoria-identidad-y-puertos-reune-la-utadeo-con-universidades-de\u0022\u003ELeer m\u00e1s\u003C\/a\u003E\u003C\/span\u003E  \u003C\/div\u003E\u003C\/li\u003E\n          \u003Cli class=\u0022views-row views-row-9 views-row-odd\u0022\u003E  \n  \u003Cdiv class=\u0022views-field views-field-field-category\u0022\u003E        \u003Cdiv class=\u0022field-content\u0022\u003E\u003Cdiv class=\u0022news-category-31\u0022\u003EEspeciales\u003C\/div\u003E\u003C\/div\u003E  \u003C\/div\u003E  \n  \u003Cdiv class=\u0022views-field views-field-field-images\u0022\u003E        \u003Cdiv class=\u0022field-content\u0022\u003E\u003Ca href=\u0022\/es\/noticia\/especiales\/sistema-de-bibliotecas\/104046\/aumenta-la-visibilidad-de-tu-investigacion-con-scopusia\u0022\u003E\u003Cimg typeof=\u0022foaf:Image\u0022 class=\u0022img-responsive\u0022 src=\u0022https:\/\/tadeo--live-mt34dr62p0g6.us.seedcloud.co\/sites\/tadeo\/files\/styles\/global_news_255x127\/public\/node\/news\/field_images\/capacitacion_scopus_notaweb.png?itok=fxEtLwOi\u0022 width=\u0022255\u0022 height=\u0022127\u0022 alt=\u0022Aumenta la visibilidad de tu investigaci\u00f3n con Scopus+IA\u0022 title=\u0022Aumenta la visibilidad de tu investigaci\u00f3n con Scopus+IA\u0022 \/\u003E\u003C\/a\u003E\u003C\/div\u003E  \u003C\/div\u003E  \n  \u003Cdiv class=\u0022views-field views-field-title\u0022\u003E        \u003Ch2 class=\u0022field-content\u0022\u003E\u003Ca href=\u0022\/es\/noticia\/especiales\/sistema-de-bibliotecas\/104046\/aumenta-la-visibilidad-de-tu-investigacion-con-scopusia\u0022\u003EAumenta la visibilidad de tu investigaci\u00f3n con Scopus+IA\u003C\/a\u003E\u003C\/h2\u003E  \u003C\/div\u003E  \n  \u003Cdiv class=\u0022views-field views-field-body\u0022\u003E        \u003Cp class=\u0022field-content\u0022\u003E\u003Cp\u003ETe esperamos el martes 2 de junio a las 4:00 p.m. \u003C\/p\u003E\u003C\/p\u003E  \u003C\/div\u003E  \n  \u003Cdiv class=\u0022views-field views-field-nid\u0022\u003E        \u003Cspan class=\u0022field-content\u0022\u003E\u003Ca href=\u0022\/es\/noticia\/especiales\/sistema-de-bibliotecas\/104046\/aumenta-la-visibilidad-de-tu-investigacion-con-scopusia\u0022\u003ELeer m\u00e1s\u003C\/a\u003E\u003C\/span\u003E  \u003C\/div\u003E\u003C\/li\u003E\n          \u003Cli class=\u0022views-row views-row-10 views-row-even views-row-last\u0022\u003E  \n  \u003Cdiv class=\u0022views-field views-field-field-category\u0022\u003E        \u003Cdiv class=\u0022field-content\u0022\u003E\u003Cdiv class=\u0022news-category-31\u0022\u003EEspeciales\u003C\/div\u003E\u003C\/div\u003E  \u003C\/div\u003E  \n  \u003Cdiv class=\u0022views-field views-field-field-images\u0022\u003E        \u003Cdiv class=\u0022field-content\u0022\u003E\u003Ca href=\u0022\/es\/noticia\/especiales\/sistema-de-bibliotecas\/104046\/cambiaton-mundialista-de-laminas\u0022\u003E\u003Cimg typeof=\u0022foaf:Image\u0022 class=\u0022img-responsive\u0022 src=\u0022https:\/\/tadeo--live-mt34dr62p0g6.us.seedcloud.co\/sites\/tadeo\/files\/styles\/global_news_255x127\/public\/node\/news\/field_images\/cambiaton_de_laminas_notaweb_2.png?itok=HvmT1fkl\u0022 width=\u0022255\u0022 height=\u0022127\u0022 alt=\u0022Cambiat\u00f3n mundialista de l\u00e1minas\u0022 title=\u0022Cambiat\u00f3n mundialista de l\u00e1minas\u0022 \/\u003E\u003C\/a\u003E\u003C\/div\u003E  \u003C\/div\u003E  \n  \u003Cdiv class=\u0022views-field views-field-title\u0022\u003E        \u003Ch2 class=\u0022field-content\u0022\u003E\u003Ca href=\u0022\/es\/noticia\/especiales\/sistema-de-bibliotecas\/104046\/cambiaton-mundialista-de-laminas\u0022\u003ECambiat\u00f3n mundialista de l\u00e1minas\u003C\/a\u003E\u003C\/h2\u003E  \u003C\/div\u003E  \n  \u003Cdiv class=\u0022views-field views-field-body\u0022\u003E        \u003Cp class=\u0022field-content\u0022\u003E\u003Cp\u003E\u00bfTe falta Messi y te sobran 5 Arabia Saudita?\u003C\/p\u003E\u003C\/p\u003E  \u003C\/div\u003E  \n  \u003Cdiv class=\u0022views-field views-field-nid\u0022\u003E        \u003Cspan class=\u0022field-content\u0022\u003E\u003Ca href=\u0022\/es\/noticia\/especiales\/sistema-de-bibliotecas\/104046\/cambiaton-mundialista-de-laminas\u0022\u003ELeer m\u00e1s\u003C\/a\u003E\u003C\/span\u003E  \u003C\/div\u003E\u003C\/li\u003E\n      \u003C\/ul\u003E\u003C\/div\u003E    \u003C\/div\u003E\n  \n  \n  \n  \n      \u003Cdiv class=\u0022view-footer\u0022\u003E\n      \u003Cdiv class=\u0022slider-galleries\u0022\u003E\u003Cdiv class=\u0022tadeo-link-all\u0022\u003E\u003Ca href=\u0022\/es\/noticias\u0022\u003EVer todas las noticias\u003C\/a\u003E\u003C\/div\u003E\u003Ca href=\u0022\/es\u0022 class=\u0022buttons next\u0022\u003Eprev\u003C\/a\u003E\u003Ca href=\u0022\/es\u0022 class=\u0022buttons prev\u0022\u003Enext\u003C\/a\u003E\u003C\/div\u003E    \u003C\/div\u003E\n  \n  \n\u003C\/div\u003E","settings":null}]