
[{"command":"settings","settings":{"basePath":"\/","pathPrefix":"es\/","setHasJsCookie":0,"ajaxPageState":{"theme":"bootstrap_utadeo","theme_token":"XPSrRmAVDXF-pTZlngfNVr4fO531i195q4o2UNxShGI","jquery_version":"2.1","jquery_version_token":"BxGfacYf9ZYPIRXXgDmZw7yhLxdSZe5PRS2AvnhKQVM"},"colorbox":{"opacity":"0.85","current":"{current} of {total}","previous":"\u00ab Prev","next":"Next \u00bb","close":"Cerrar","maxWidth":"98%","maxHeight":"98%","fixed":true,"mobiledetect":true,"mobiledevicewidth":"480px"},"jcarousel":{"ajaxPath":"\/es\/jcarousel\/ajax\/views"},"CToolsModal":{"loadingText":"Cargando...","closeText":"Cerrar ventana","closeImage":"\u003Cimg typeof=\u0022foaf:Image\u0022 class=\u0022img-responsive\u0022 src=\u0022https:\/\/www.utadeo.edu.co\/profiles\/seed_dist\/modules\/contrib\/ctools\/images\/icon-close-window.png\u0022 alt=\u0022Cerrar ventana\u0022 title=\u0022Cerrar ventana\u0022 \/\u003E","throbber":"\u003Cimg typeof=\u0022foaf:Image\u0022 class=\u0022img-responsive\u0022 src=\u0022https:\/\/www.utadeo.edu.co\/profiles\/seed_dist\/modules\/contrib\/ctools\/images\/throbber.gif\u0022 alt=\u0022Cargando\u0022 title=\u0022Cargando...\u0022 \/\u003E"},"modal-popup-small":{"modalSize":{"type":"fixed","width":300,"height":300},"modalOptions":{"opacity":0.85,"background":"#000"},"animation":"fadeIn","modalTheme":"ModalFormsPopup","throbber":"\u003Cimg typeof=\u0022foaf:Image\u0022 class=\u0022img-responsive\u0022 src=\u0022https:\/\/www.utadeo.edu.co\/sites\/tadeo\/modules\/contrib\/modal_forms\/images\/loading_animation.gif\u0022 alt=\u0022Cargando...\u0022 title=\u0022Cargando\u0022 \/\u003E","closeText":"Cerrar"},"modal-popup-medium":{"modalSize":{"type":"scale","width":0.6,"height":0.55},"modalOptions":{"opacity":0.85,"background":"#000"},"animation":"fadeIn","modalTheme":"ModalFormsPopup","throbber":"\u003Cimg typeof=\u0022foaf:Image\u0022 class=\u0022img-responsive\u0022 src=\u0022https:\/\/www.utadeo.edu.co\/sites\/tadeo\/modules\/contrib\/modal_forms\/images\/loading_animation.gif\u0022 alt=\u0022Cargando...\u0022 title=\u0022Cargando\u0022 \/\u003E","closeText":"Cerrar"},"modal-popup-large":{"modalSize":{"type":"scale","width":0.8,"height":0.8},"modalOptions":{"opacity":0.85,"background":"#000"},"animation":"fadeIn","modalTheme":"ModalFormsPopup","throbber":"\u003Cimg typeof=\u0022foaf:Image\u0022 class=\u0022img-responsive\u0022 src=\u0022https:\/\/www.utadeo.edu.co\/sites\/tadeo\/modules\/contrib\/modal_forms\/images\/loading_animation.gif\u0022 alt=\u0022Cargando...\u0022 title=\u0022Cargando\u0022 \/\u003E","closeText":"Cerrar"},"whatsappshare":{"whatsappshare_button_text":"Compartir en Whatsapp","whatsappshare_button_size":"wa_btn_s","whatsappshare_sharing_text":"Enlace compartido","whatsappshare_sharing_location":"#page-title","whatsappshare_site_name":"Universidad de Bogot\u00e1 Jorge Tadeo Lozano","whatsappshare_page_title":"","base_path":"https:\/\/www.utadeo.edu.co\/es\/news\/ajax\/25\/all"},"custom_search":{"form_target":"_self","solr":0},"views":{"ajax_path":"\/es\/views\/ajax","ajaxViews":{"views_dom_id:353ec0ed2a6ffc514a4e18ef7b8262e0":{"view_name":"global_news","view_display_id":"block","view_args":"25\/all","view_path":"news\/ajax\/25\/all","view_base_path":"investigacion\/noticias","view_dom_id":"353ec0ed2a6ffc514a4e18ef7b8262e0","pager_element":0}}},"urlIsAjaxTrusted":{"\/es\/views\/ajax":true},"better_exposed_filters":{"views":{"global_news":{"displays":{"block":{"filters":[]}}}}},"bootstrap":{"anchorsFix":"0","anchorsSmoothScrolling":"0","formHasError":1,"popoverEnabled":1,"popoverOptions":{"animation":1,"html":0,"placement":"right","selector":"","trigger":"click","triggerAutoclose":1,"title":"","content":"","delay":0,"container":"body"},"tooltipEnabled":1,"tooltipOptions":{"animation":1,"html":0,"placement":"auto left","selector":"","trigger":"hover focus","delay":0,"container":"body"}}},"merge":true},{"command":"insert","method":"html","selector":"#news-reload","data":"\u003Cdiv class=\u0022view view-global-news view-id-global_news view-display-id-block news-slider view-dom-id-353ec0ed2a6ffc514a4e18ef7b8262e0\u0022\u003E\n        \n  \n  \n      \u003Cdiv class=\u0022view-content\u0022\u003E\n      \u003Cdiv class=\u0022item-list\u0022\u003E    \u003Cul class=\u0022overview\u0022\u003E          \u003Cli class=\u0022views-row views-row-1 views-row-odd views-row-first\u0022\u003E  \n  \u003Cdiv class=\u0022views-field views-field-field-category\u0022\u003E        \u003Cdiv class=\u0022field-content\u0022\u003E\u003Cdiv class=\u0022news-category-25\u0022\u003EDestacadas\u003C\/div\u003E\u003C\/div\u003E  \u003C\/div\u003E  \n  \u003Cdiv class=\u0022views-field views-field-field-images\u0022\u003E        \u003Cdiv class=\u0022field-content\u0022\u003E\u003Ca href=\u0022\/es\/noticia\/destacadas\/instituto-confucio\/1476\/curso-de-chino-i-basico-express-para-ninas-y-ninos\u0022\u003E\u003Cimg typeof=\u0022foaf:Image\u0022 class=\u0022img-responsive\u0022 src=\u0022https:\/\/www.utadeo.edu.co\/sites\/tadeo\/files\/styles\/global_news_255x127\/public\/node\/news\/field_images\/nota_web_o_evento_talleres_y_mas_3.png?itok=ZzN4fYz2\u0022 width=\u0022255\u0022 height=\u0022127\u0022 alt=\u0022\u0022 \/\u003E\u003C\/a\u003E\u003C\/div\u003E  \u003C\/div\u003E  \n  \u003Cdiv class=\u0022views-field views-field-title\u0022\u003E        \u003Ch2 class=\u0022field-content\u0022\u003E\u003Ca href=\u0022\/es\/noticia\/destacadas\/instituto-confucio\/1476\/curso-de-chino-i-basico-express-para-ninas-y-ninos\u0022\u003ECurso de Chino I b\u00e1sico Express para ni\u00f1as y ni\u00f1os\u003C\/a\u003E\u003C\/h2\u003E  \u003C\/div\u003E  \n  \u003Cdiv class=\u0022views-field views-field-body\u0022\u003E        \u003Cp class=\u0022field-content\u0022\u003EEnfocado para ni\u00f1as y ni\u00f1os entre los 5 a 12 a\u00f1os de edad, Este curso alternar\u00e1 aprendizaje, cultura y danza.\u003C\/p\u003E  \u003C\/div\u003E  \n  \u003Cdiv class=\u0022views-field views-field-nid\u0022\u003E        \u003Cspan class=\u0022field-content\u0022\u003E\u003Ca href=\u0022\/es\/noticia\/destacadas\/instituto-confucio\/1476\/curso-de-chino-i-basico-express-para-ninas-y-ninos\u0022\u003ELeer m\u00e1s\u003C\/a\u003E\u003C\/span\u003E  \u003C\/div\u003E\u003C\/li\u003E\n          \u003Cli class=\u0022views-row views-row-2 views-row-even\u0022\u003E  \n  \u003Cdiv class=\u0022views-field views-field-field-category\u0022\u003E        \u003Cdiv class=\u0022field-content\u0022\u003E\u003Cdiv class=\u0022news-category-25\u0022\u003EDestacadas\u003C\/div\u003E\u003C\/div\u003E  \u003C\/div\u003E  \n  \u003Cdiv class=\u0022views-field views-field-field-images\u0022\u003E        \u003Cdiv class=\u0022field-content\u0022\u003E\u003Ca href=\u0022\/es\/noticia\/destacadas\/comunicacion-social-periodismo\/70\/estudiantes-de-la-utadeo-visitan-el-museo-de-la-ciudad-autoconstruida-para-reconocer-otras\u0022\u003E\u003Cimg typeof=\u0022foaf:Image\u0022 class=\u0022img-responsive\u0022 src=\u0022https:\/\/www.utadeo.edu.co\/sites\/tadeo\/files\/styles\/global_news_255x127\/public\/node\/news\/field_images\/whatsapp_image_2026-04-28_at_5.36.56_pm.jpeg?itok=mCMRMmRw\u0022 width=\u0022255\u0022 height=\u0022127\u0022 alt=\u0022\u0022 \/\u003E\u003C\/a\u003E\u003C\/div\u003E  \u003C\/div\u003E  \n  \u003Cdiv class=\u0022views-field views-field-title\u0022\u003E        \u003Ch2 class=\u0022field-content\u0022\u003E\u003Ca href=\u0022\/es\/noticia\/destacadas\/comunicacion-social-periodismo\/70\/estudiantes-de-la-utadeo-visitan-el-museo-de-la-ciudad-autoconstruida-para-reconocer-otras\u0022\u003EEstudiantes de la UTadeo visitan el Museo de la Ciudad Autoconstruida para reconocer otras realidades de Bogot\u00e1\u003C\/a\u003E\u003C\/h2\u003E  \u003C\/div\u003E  \n  \u003Cdiv class=\u0022views-field views-field-body\u0022\u003E        \u003Cp class=\u0022field-content\u0022\u003EEn el marco de su formaci\u00f3n acad\u00e9mica, los estudiantes de la profesora Mar\u00eda Fernanda Pe\u00f1a Sarmiento realizaron una visita al Museo de la Ciudad Autoconstruida, un espacio cultural que promueve el encuentro, la participaci\u00f3n y el reconocimiento de...\u003C\/p\u003E  \u003C\/div\u003E  \n  \u003Cdiv class=\u0022views-field views-field-nid\u0022\u003E        \u003Cspan class=\u0022field-content\u0022\u003E\u003Ca href=\u0022\/es\/noticia\/destacadas\/comunicacion-social-periodismo\/70\/estudiantes-de-la-utadeo-visitan-el-museo-de-la-ciudad-autoconstruida-para-reconocer-otras\u0022\u003ELeer m\u00e1s\u003C\/a\u003E\u003C\/span\u003E  \u003C\/div\u003E\u003C\/li\u003E\n          \u003Cli class=\u0022views-row views-row-3 views-row-odd\u0022\u003E  \n  \u003Cdiv class=\u0022views-field views-field-field-category\u0022\u003E        \u003Cdiv class=\u0022field-content\u0022\u003E\u003Cdiv class=\u0022news-category-25\u0022\u003EDestacadas\u003C\/div\u003E\u003C\/div\u003E  \u003C\/div\u003E  \n  \u003Cdiv class=\u0022views-field views-field-field-images\u0022\u003E        \u003Cdiv class=\u0022field-content\u0022\u003E\u003Ca href=\u0022\/es\/noticia\/destacadas\/comunicacion-social-periodismo\/70\/profesor-de-utadeo-realizara-estancia-internacional-en-espana-para-investigar-la-desinformacion\u0022\u003E\u003Cimg typeof=\u0022foaf:Image\u0022 class=\u0022img-responsive\u0022 src=\u0022https:\/\/www.utadeo.edu.co\/sites\/tadeo\/files\/styles\/global_news_255x127\/public\/node\/news\/field_images\/moiseslimiautadeo.jpg?itok=gavkx0zz\u0022 width=\u0022255\u0022 height=\u0022127\u0022 alt=\u0022\u0022 \/\u003E\u003C\/a\u003E\u003C\/div\u003E  \u003C\/div\u003E  \n  \u003Cdiv class=\u0022views-field views-field-title\u0022\u003E        \u003Ch2 class=\u0022field-content\u0022\u003E\u003Ca href=\u0022\/es\/noticia\/destacadas\/comunicacion-social-periodismo\/70\/profesor-de-utadeo-realizara-estancia-internacional-en-espana-para-investigar-la-desinformacion\u0022\u003EProfesor de Utadeo realizar\u00e1 estancia internacional en Espa\u00f1a para investigar la desinformaci\u00f3n digital\u003C\/a\u003E\u003C\/h2\u003E  \u003C\/div\u003E  \n  \u003Cdiv class=\u0022views-field views-field-body\u0022\u003E        \u003Cp class=\u0022field-content\u0022\u003EEl docente Mois\u00e9s Limia participar\u00e1 en proyectos internacionales en la Universidad de Vigo enfocados en verificaci\u00f3n de informaci\u00f3n y uso de tecnolog\u00edas como blockchain para combatir la desinformaci\u00f3n.\u003C\/p\u003E  \u003C\/div\u003E  \n  \u003Cdiv class=\u0022views-field views-field-nid\u0022\u003E        \u003Cspan class=\u0022field-content\u0022\u003E\u003Ca href=\u0022\/es\/noticia\/destacadas\/comunicacion-social-periodismo\/70\/profesor-de-utadeo-realizara-estancia-internacional-en-espana-para-investigar-la-desinformacion\u0022\u003ELeer m\u00e1s\u003C\/a\u003E\u003C\/span\u003E  \u003C\/div\u003E\u003C\/li\u003E\n          \u003Cli class=\u0022views-row views-row-4 views-row-even\u0022\u003E  \n  \u003Cdiv class=\u0022views-field views-field-field-category\u0022\u003E        \u003Cdiv class=\u0022field-content\u0022\u003E\u003Cdiv class=\u0022news-category-25\u0022\u003EDestacadas\u003C\/div\u003E\u003C\/div\u003E  \u003C\/div\u003E  \n  \u003Cdiv class=\u0022views-field views-field-field-images\u0022\u003E        \u003Cdiv class=\u0022field-content\u0022\u003E\u003Ca href=\u0022\/es\/noticia\/destacadas\/comunicacion-social-periodismo\/70\/xii-encuentro-nacional-de-semilleros-2026-convocatoria-abierta-para-presentar-proyectos-en-modalidad\u0022\u003E\u003Cimg typeof=\u0022foaf:Image\u0022 class=\u0022img-responsive\u0022 src=\u0022https:\/\/www.utadeo.edu.co\/sites\/tadeo\/files\/styles\/global_news_255x127\/public\/node\/news\/field_images\/cf365250-2678-476f-b7f4-468925b75a57.jpeg?itok=PI8T11SN\u0022 width=\u0022255\u0022 height=\u0022127\u0022 alt=\u0022\u0022 \/\u003E\u003C\/a\u003E\u003C\/div\u003E  \u003C\/div\u003E  \n  \u003Cdiv class=\u0022views-field views-field-title\u0022\u003E        \u003Ch2 class=\u0022field-content\u0022\u003E\u003Ca href=\u0022\/es\/noticia\/destacadas\/comunicacion-social-periodismo\/70\/xii-encuentro-nacional-de-semilleros-2026-convocatoria-abierta-para-presentar-proyectos-en-modalidad\u0022\u003EXII Encuentro Nacional de Semilleros 2026: convocatoria abierta para presentar proyectos en modalidad virtual\u003C\/a\u003E\u003C\/h2\u003E  \u003C\/div\u003E  \n  \u003Cdiv class=\u0022views-field views-field-body\u0022\u003E        \u003Cp class=\u0022field-content\u0022\u003EConvocatoria abierta para el XII Encuentro Nacional de Semilleros 2026, un evento virtual organizado por la Corporaci\u00f3n Unificada Nacional de Educaci\u00f3n Superior CUN que reunir\u00e1 proyectos de investigaci\u00f3n estudiantil el 11 de mayo. Inscripciones...\u003C\/p\u003E  \u003C\/div\u003E  \n  \u003Cdiv class=\u0022views-field views-field-nid\u0022\u003E        \u003Cspan class=\u0022field-content\u0022\u003E\u003Ca href=\u0022\/es\/noticia\/destacadas\/comunicacion-social-periodismo\/70\/xii-encuentro-nacional-de-semilleros-2026-convocatoria-abierta-para-presentar-proyectos-en-modalidad\u0022\u003ELeer m\u00e1s\u003C\/a\u003E\u003C\/span\u003E  \u003C\/div\u003E\u003C\/li\u003E\n          \u003Cli class=\u0022views-row views-row-5 views-row-odd\u0022\u003E  \n  \u003Cdiv class=\u0022views-field views-field-field-category\u0022\u003E        \u003Cdiv class=\u0022field-content\u0022\u003E\u003Cdiv class=\u0022news-category-25\u0022\u003EDestacadas\u003C\/div\u003E\u003C\/div\u003E  \u003C\/div\u003E  \n  \u003Cdiv class=\u0022views-field views-field-field-images\u0022\u003E        \u003Cdiv class=\u0022field-content\u0022\u003E\u003Ca href=\u0022\/es\/noticia\/destacadas\/home\/1\/continuidad-y-nuevos-retos-en-la-representacion-del-consejo-directivo-de-utadeo\u0022\u003E\u003Cimg typeof=\u0022foaf:Image\u0022 class=\u0022img-responsive\u0022 src=\u0022https:\/\/www.utadeo.edu.co\/sites\/tadeo\/files\/styles\/global_news_255x127\/public\/node\/news\/field_images\/portadas_nota_utadeo_15.png?itok=wXt8dTT0\u0022 width=\u0022255\u0022 height=\u0022127\u0022 alt=\u0022A la izquierda Carlos Arango, representante de los profesores, a la derecha Andr\u00e9s Alaix, representante estudiantil\u0022 title=\u0022Carlos Arango y Andr\u00e9s Alaix, representantes de profesores y estudiantes ante el Consejo Directivo de UTadeo\u0022 \/\u003E\u003C\/a\u003E\u003C\/div\u003E  \u003C\/div\u003E  \n  \u003Cdiv class=\u0022views-field views-field-title\u0022\u003E        \u003Ch2 class=\u0022field-content\u0022\u003E\u003Ca href=\u0022\/es\/noticia\/destacadas\/home\/1\/continuidad-y-nuevos-retos-en-la-representacion-del-consejo-directivo-de-utadeo\u0022\u003EContinuidad y nuevos retos en la representaci\u00f3n del Consejo Directivo de UTadeo \u003C\/a\u003E\u003C\/h2\u003E  \u003C\/div\u003E  \n  \u003Cdiv class=\u0022views-field views-field-body\u0022\u003E        \u003Cp class=\u0022field-content\u0022\u003EAndr\u00e9s Juli\u00e1n Alaix y Carlos Andr\u00e9s Arango fueron reelegidos como representantes de estudiantes y de profesores ante el Consejo Directivo de UTadeo.\u003C\/p\u003E  \u003C\/div\u003E  \n  \u003Cdiv class=\u0022views-field views-field-nid\u0022\u003E        \u003Cspan class=\u0022field-content\u0022\u003E\u003Ca href=\u0022\/es\/noticia\/destacadas\/home\/1\/continuidad-y-nuevos-retos-en-la-representacion-del-consejo-directivo-de-utadeo\u0022\u003ELeer m\u00e1s\u003C\/a\u003E\u003C\/span\u003E  \u003C\/div\u003E\u003C\/li\u003E\n          \u003Cli class=\u0022views-row views-row-6 views-row-even\u0022\u003E  \n  \u003Cdiv class=\u0022views-field views-field-field-category\u0022\u003E        \u003Cdiv class=\u0022field-content\u0022\u003E\u003Cdiv class=\u0022news-category-25\u0022\u003EDestacadas\u003C\/div\u003E\u003C\/div\u003E  \u003C\/div\u003E  \n  \u003Cdiv class=\u0022views-field views-field-field-images\u0022\u003E        \u003Cdiv class=\u0022field-content\u0022\u003E\u003Ca href=\u0022\/es\/noticia\/destacadas\/sistema-de-bibliotecas\/104046\/conoce-el-nuevo-recurso-electronico\u0022\u003E\u003Cimg typeof=\u0022foaf:Image\u0022 class=\u0022img-responsive\u0022 src=\u0022https:\/\/www.utadeo.edu.co\/sites\/tadeo\/files\/styles\/global_news_255x127\/public\/node\/news\/field_images\/disponible_scopus_-_notaweb.png?itok=G3XvJjCD\u0022 width=\u0022255\u0022 height=\u0022127\u0022 alt=\u0022Conoce el nuevo recurso electr\u00f3nico \u0022 title=\u0022Conoce el nuevo recurso electr\u00f3nico \u0022 \/\u003E\u003C\/a\u003E\u003C\/div\u003E  \u003C\/div\u003E  \n  \u003Cdiv class=\u0022views-field views-field-title\u0022\u003E        \u003Ch2 class=\u0022field-content\u0022\u003E\u003Ca href=\u0022\/es\/noticia\/destacadas\/sistema-de-bibliotecas\/104046\/conoce-el-nuevo-recurso-electronico\u0022\u003EConoce el nuevo recurso electr\u00f3nico \u003C\/a\u003E\u003C\/h2\u003E  \u003C\/div\u003E  \n  \u003Cdiv class=\u0022views-field views-field-body\u0022\u003E        \u003Cp class=\u0022field-content\u0022\u003EScopus se suma a los recursos electr\u00f3nicos.\u003C\/p\u003E  \u003C\/div\u003E  \n  \u003Cdiv class=\u0022views-field views-field-nid\u0022\u003E        \u003Cspan class=\u0022field-content\u0022\u003E\u003Ca href=\u0022\/es\/noticia\/destacadas\/sistema-de-bibliotecas\/104046\/conoce-el-nuevo-recurso-electronico\u0022\u003ELeer m\u00e1s\u003C\/a\u003E\u003C\/span\u003E  \u003C\/div\u003E\u003C\/li\u003E\n          \u003Cli class=\u0022views-row views-row-7 views-row-odd\u0022\u003E  \n  \u003Cdiv class=\u0022views-field views-field-field-category\u0022\u003E        \u003Cdiv class=\u0022field-content\u0022\u003E\u003Cdiv class=\u0022news-category-25\u0022\u003EDestacadas\u003C\/div\u003E\u003C\/div\u003E  \u003C\/div\u003E  \n  \u003Cdiv class=\u0022views-field views-field-field-images\u0022\u003E        \u003Cdiv class=\u0022field-content\u0022\u003E\u003Ca href=\u0022\/es\/noticia\/destacadas\/comunicacion-social-y-periodismo\/309251\/tres-ponencias-de-utadeo-fueron-aceptadas-en-el-encuentro-claep-2026-sobre-periodismo-e-inteligencia\u0022\u003E\u003Cimg typeof=\u0022foaf:Image\u0022 class=\u0022img-responsive\u0022 src=\u0022https:\/\/www.utadeo.edu.co\/sites\/tadeo\/files\/styles\/global_news_255x127\/public\/node\/news\/field_images\/images_6.png?itok=dNiosnYb\u0022 width=\u0022255\u0022 height=\u0022127\u0022 alt=\u0022\u0022 \/\u003E\u003C\/a\u003E\u003C\/div\u003E  \u003C\/div\u003E  \n  \u003Cdiv class=\u0022views-field views-field-title\u0022\u003E        \u003Ch2 class=\u0022field-content\u0022\u003E\u003Ca href=\u0022\/es\/noticia\/destacadas\/comunicacion-social-y-periodismo\/309251\/tres-ponencias-de-utadeo-fueron-aceptadas-en-el-encuentro-claep-2026-sobre-periodismo-e-inteligencia\u0022\u003ETres ponencias de Utadeo fueron aceptadas en el Encuentro CLAEP 2026 sobre periodismo e inteligencia artificial\u003C\/a\u003E\u003C\/h2\u003E  \u003C\/div\u003E  \n  \u003Cdiv class=\u0022views-field views-field-body\u0022\u003E        \u003Cp class=\u0022field-content\u0022\u003EEl director, un docente y un grupo de estudiantes del semillero de Creaci\u00f3n Sonora del programa de Comunicaci\u00f3n Social \u2013 Periodismo de la Universidad Jorge Tadeo Lozano presentar\u00e1n sus investigaciones en el Encuentro CLAEP 2026 en Barranquilla.\u003C\/p\u003E  \u003C\/div\u003E  \n  \u003Cdiv class=\u0022views-field views-field-nid\u0022\u003E        \u003Cspan class=\u0022field-content\u0022\u003E\u003Ca href=\u0022\/es\/noticia\/destacadas\/comunicacion-social-y-periodismo\/309251\/tres-ponencias-de-utadeo-fueron-aceptadas-en-el-encuentro-claep-2026-sobre-periodismo-e-inteligencia\u0022\u003ELeer m\u00e1s\u003C\/a\u003E\u003C\/span\u003E  \u003C\/div\u003E\u003C\/li\u003E\n          \u003Cli class=\u0022views-row views-row-8 views-row-even\u0022\u003E  \n  \u003Cdiv class=\u0022views-field views-field-field-category\u0022\u003E        \u003Cdiv class=\u0022field-content\u0022\u003E\u003Cdiv class=\u0022news-category-25\u0022\u003EDestacadas\u003C\/div\u003E\u003C\/div\u003E  \u003C\/div\u003E  \n  \u003Cdiv class=\u0022views-field views-field-field-images\u0022\u003E        \u003Cdiv class=\u0022field-content\u0022\u003E\u003Ca href=\u0022\/es\/noticia\/destacadas\/instituto-confucio\/1476\/curso-de-preparacion-de-hsk-niveles-2-al-5\u0022\u003E\u003Cimg typeof=\u0022foaf:Image\u0022 class=\u0022img-responsive\u0022 src=\u0022https:\/\/www.utadeo.edu.co\/sites\/tadeo\/files\/styles\/global_news_255x127\/public\/node\/news\/field_images\/nota_web_o_evento_talleres_y_mas.png?itok=h6HFbrUQ\u0022 width=\u0022255\u0022 height=\u0022127\u0022 alt=\u0022\u0022 \/\u003E\u003C\/a\u003E\u003C\/div\u003E  \u003C\/div\u003E  \n  \u003Cdiv class=\u0022views-field views-field-title\u0022\u003E        \u003Ch2 class=\u0022field-content\u0022\u003E\u003Ca href=\u0022\/es\/noticia\/destacadas\/instituto-confucio\/1476\/curso-de-preparacion-de-hsk-niveles-2-al-5\u0022\u003ECurso de preparaci\u00f3n de HSK niveles 2 al 5\u003C\/a\u003E\u003C\/h2\u003E  \u003C\/div\u003E  \n  \u003Cdiv class=\u0022views-field views-field-body\u0022\u003E        \u003Cp class=\u0022field-content\u0022\u003EInscr\u00edbete a nuestro curso de preparaci\u00f3n de HSK 2,3,4,5 y post\u00falate para estudiar en China.\u003C\/p\u003E  \u003C\/div\u003E  \n  \u003Cdiv class=\u0022views-field views-field-nid\u0022\u003E        \u003Cspan class=\u0022field-content\u0022\u003E\u003Ca href=\u0022\/es\/noticia\/destacadas\/instituto-confucio\/1476\/curso-de-preparacion-de-hsk-niveles-2-al-5\u0022\u003ELeer m\u00e1s\u003C\/a\u003E\u003C\/span\u003E  \u003C\/div\u003E\u003C\/li\u003E\n          \u003Cli class=\u0022views-row views-row-9 views-row-odd\u0022\u003E  \n  \u003Cdiv class=\u0022views-field views-field-field-category\u0022\u003E        \u003Cdiv class=\u0022field-content\u0022\u003E\u003Cdiv class=\u0022news-category-25\u0022\u003EDestacadas\u003C\/div\u003E\u003C\/div\u003E  \u003C\/div\u003E  \n  \u003Cdiv class=\u0022views-field views-field-field-images\u0022\u003E        \u003Cdiv class=\u0022field-content\u0022\u003E\u003Ca href=\u0022\/es\/noticia\/destacadas\/home\/1\/estudiantes-de-diseno-grafico-intervienen-el-centro-de-bogota-en-la-hackathon-entorno-centro\u0022\u003E\u003Cimg typeof=\u0022foaf:Image\u0022 class=\u0022img-responsive\u0022 src=\u0022https:\/\/www.utadeo.edu.co\/sites\/tadeo\/files\/styles\/global_news_255x127\/public\/node\/news\/field_images\/hackathon-entorno-centro.png?itok=oDjE74-T\u0022 width=\u0022255\u0022 height=\u0022127\u0022 alt=\u0022Estudiantes de Dise\u00f1o Gr\u00e1fico trabajando durante la hackathon Entorno Centro\u0022 title=\u0022Estudiantes de Dise\u00f1o Gr\u00e1fico intervienen el centro de Bogot\u00e1 en la Hackathon Entorno Centro \u0022 \/\u003E\u003C\/a\u003E\u003C\/div\u003E  \u003C\/div\u003E  \n  \u003Cdiv class=\u0022views-field views-field-title\u0022\u003E        \u003Ch2 class=\u0022field-content\u0022\u003E\u003Ca href=\u0022\/es\/noticia\/destacadas\/home\/1\/estudiantes-de-diseno-grafico-intervienen-el-centro-de-bogota-en-la-hackathon-entorno-centro\u0022\u003EEstudiantes de Dise\u00f1o Gr\u00e1fico intervienen el centro de Bogot\u00e1 en la hackathon Entorno Centro \u003C\/a\u003E\u003C\/h2\u003E  \u003C\/div\u003E  \n  \u003Cdiv class=\u0022views-field views-field-body\u0022\u003E        \u003Cp class=\u0022field-content\u0022\u003EDurante tres d\u00edas, cerca de 300 estudiantes del programa de Dise\u00f1o Gr\u00e1fico de UTadeo trabajaron en propuestas visuales para transformar realidades en el centro de la capital del pa\u00eds.\u003C\/p\u003E  \u003C\/div\u003E  \n  \u003Cdiv class=\u0022views-field views-field-nid\u0022\u003E        \u003Cspan class=\u0022field-content\u0022\u003E\u003Ca href=\u0022\/es\/noticia\/destacadas\/home\/1\/estudiantes-de-diseno-grafico-intervienen-el-centro-de-bogota-en-la-hackathon-entorno-centro\u0022\u003ELeer m\u00e1s\u003C\/a\u003E\u003C\/span\u003E  \u003C\/div\u003E\u003C\/li\u003E\n          \u003Cli class=\u0022views-row views-row-10 views-row-even views-row-last\u0022\u003E  \n  \u003Cdiv class=\u0022views-field views-field-field-category\u0022\u003E        \u003Cdiv class=\u0022field-content\u0022\u003E\u003Cdiv class=\u0022news-category-25\u0022\u003EDestacadas\u003C\/div\u003E\u003C\/div\u003E  \u003C\/div\u003E  \n  \u003Cdiv class=\u0022views-field views-field-field-images\u0022\u003E        \u003Cdiv class=\u0022field-content\u0022\u003E\u003Ca href=\u0022\/es\/noticia\/destacadas\/comunicacion-social-periodismo\/70\/estudiantes-de-utadeo-participaran-en-taller-de-google-colombia-sobre-deteccion-de-contenido\u0022\u003E\u003Cimg typeof=\u0022foaf:Image\u0022 class=\u0022img-responsive\u0022 src=\u0022https:\/\/www.utadeo.edu.co\/sites\/tadeo\/files\/styles\/global_news_255x127\/public\/node\/news\/field_images\/img_0909.jpeg?itok=-nxdVONY\u0022 width=\u0022255\u0022 height=\u0022127\u0022 alt=\u0022\u0022 \/\u003E\u003C\/a\u003E\u003C\/div\u003E  \u003C\/div\u003E  \n  \u003Cdiv class=\u0022views-field views-field-title\u0022\u003E        \u003Ch2 class=\u0022field-content\u0022\u003E\u003Ca href=\u0022\/es\/noticia\/destacadas\/comunicacion-social-periodismo\/70\/estudiantes-de-utadeo-participaran-en-taller-de-google-colombia-sobre-deteccion-de-contenido\u0022\u003EEstudiantes de Utadeo participar\u00e1n en taller de Google Colombia sobre detecci\u00f3n de contenido generado con IA\u003C\/a\u003E\u003C\/h2\u003E  \u003C\/div\u003E  \n  \u003Cdiv class=\u0022views-field views-field-body\u0022\u003E        \u003Cp class=\u0022field-content\u0022\u003EMar\u00eda Alejandra Poblador y Manuel Ca\u00f1as, estudiantes del programa de Comunicaci\u00f3n Social \u2013 Periodismo, asistir\u00e1n a un taller organizado por Google Colombia para aprender a identificar contenido generado con inteligencia artificial mediante...\u003C\/p\u003E  \u003C\/div\u003E  \n  \u003Cdiv class=\u0022views-field views-field-nid\u0022\u003E        \u003Cspan class=\u0022field-content\u0022\u003E\u003Ca href=\u0022\/es\/noticia\/destacadas\/comunicacion-social-periodismo\/70\/estudiantes-de-utadeo-participaran-en-taller-de-google-colombia-sobre-deteccion-de-contenido\u0022\u003ELeer m\u00e1s\u003C\/a\u003E\u003C\/span\u003E  \u003C\/div\u003E\u003C\/li\u003E\n      \u003C\/ul\u003E\u003C\/div\u003E    \u003C\/div\u003E\n  \n  \n  \n  \n      \u003Cdiv class=\u0022view-footer\u0022\u003E\n      \u003Cdiv class=\u0022slider-galleries\u0022\u003E\u003Cdiv class=\u0022tadeo-link-all\u0022\u003E\u003Ca href=\u0022\/es\/noticias\u0022\u003EVer todas las noticias\u003C\/a\u003E\u003C\/div\u003E\u003Ca href=\u0022\/es\u0022 class=\u0022buttons next\u0022\u003Eprev\u003C\/a\u003E\u003Ca href=\u0022\/es\u0022 class=\u0022buttons prev\u0022\u003Enext\u003C\/a\u003E\u003C\/div\u003E    \u003C\/div\u003E\n  \n  \n\u003C\/div\u003E","settings":null}]