
[{"command":"settings","settings":{"basePath":"\/","pathPrefix":"es\/","setHasJsCookie":0,"ajaxPageState":{"theme":"bootstrap_utadeo","theme_token":"nhKVD7Nd_6p0PsFqRySqmADg8cTleUdZ0uPjKkZglZE","jquery_version":"2.1","jquery_version_token":"l11GvEztPJ7ne6tlmicFm2UM2vhffHsrMPo25Uecp9U"},"colorbox":{"opacity":"0.85","current":"{current} of {total}","previous":"\u00ab Prev","next":"Next \u00bb","close":"Cerrar","maxWidth":"98%","maxHeight":"98%","fixed":true,"mobiledetect":true,"mobiledevicewidth":"480px"},"jcarousel":{"ajaxPath":"\/es\/jcarousel\/ajax\/views"},"CToolsModal":{"loadingText":"Cargando...","closeText":"Cerrar ventana","closeImage":"\u003Cimg typeof=\u0022foaf:Image\u0022 class=\u0022img-responsive\u0022 src=\u0022https:\/\/www.utadeo.edu.co\/profiles\/seed_dist\/modules\/contrib\/ctools\/images\/icon-close-window.png\u0022 alt=\u0022Cerrar ventana\u0022 title=\u0022Cerrar ventana\u0022 \/\u003E","throbber":"\u003Cimg typeof=\u0022foaf:Image\u0022 class=\u0022img-responsive\u0022 src=\u0022https:\/\/www.utadeo.edu.co\/profiles\/seed_dist\/modules\/contrib\/ctools\/images\/throbber.gif\u0022 alt=\u0022Cargando\u0022 title=\u0022Cargando...\u0022 \/\u003E"},"modal-popup-small":{"modalSize":{"type":"fixed","width":300,"height":300},"modalOptions":{"opacity":0.85,"background":"#000"},"animation":"fadeIn","modalTheme":"ModalFormsPopup","throbber":"\u003Cimg typeof=\u0022foaf:Image\u0022 class=\u0022img-responsive\u0022 src=\u0022https:\/\/www.utadeo.edu.co\/sites\/tadeo\/modules\/contrib\/modal_forms\/images\/loading_animation.gif\u0022 alt=\u0022Cargando...\u0022 title=\u0022Cargando\u0022 \/\u003E","closeText":"Cerrar"},"modal-popup-medium":{"modalSize":{"type":"scale","width":0.6,"height":0.55},"modalOptions":{"opacity":0.85,"background":"#000"},"animation":"fadeIn","modalTheme":"ModalFormsPopup","throbber":"\u003Cimg typeof=\u0022foaf:Image\u0022 class=\u0022img-responsive\u0022 src=\u0022https:\/\/www.utadeo.edu.co\/sites\/tadeo\/modules\/contrib\/modal_forms\/images\/loading_animation.gif\u0022 alt=\u0022Cargando...\u0022 title=\u0022Cargando\u0022 \/\u003E","closeText":"Cerrar"},"modal-popup-large":{"modalSize":{"type":"scale","width":0.8,"height":0.8},"modalOptions":{"opacity":0.85,"background":"#000"},"animation":"fadeIn","modalTheme":"ModalFormsPopup","throbber":"\u003Cimg typeof=\u0022foaf:Image\u0022 class=\u0022img-responsive\u0022 src=\u0022https:\/\/www.utadeo.edu.co\/sites\/tadeo\/modules\/contrib\/modal_forms\/images\/loading_animation.gif\u0022 alt=\u0022Cargando...\u0022 title=\u0022Cargando\u0022 \/\u003E","closeText":"Cerrar"},"whatsappshare":{"whatsappshare_button_text":"Compartir en Whatsapp","whatsappshare_button_size":"wa_btn_s","whatsappshare_sharing_text":"Enlace compartido","whatsappshare_sharing_location":"#page-title","whatsappshare_site_name":"Universidad de Bogot\u00e1 Jorge Tadeo Lozano","whatsappshare_page_title":"","base_path":"https:\/\/www.utadeo.edu.co\/es\/news\/ajax\/31\/all"},"custom_search":{"form_target":"_self","solr":0},"views":{"ajax_path":"\/es\/views\/ajax","ajaxViews":{"views_dom_id:a2a1337e3a5ac3f7a38aded54ed91d25":{"view_name":"global_news","view_display_id":"block","view_args":"31\/all","view_path":"news\/ajax\/31\/all","view_base_path":"investigacion\/noticias","view_dom_id":"a2a1337e3a5ac3f7a38aded54ed91d25","pager_element":0}}},"urlIsAjaxTrusted":{"\/es\/views\/ajax":true},"better_exposed_filters":{"views":{"global_news":{"displays":{"block":{"filters":[]}}}}},"bootstrap":{"anchorsFix":"0","anchorsSmoothScrolling":"0","formHasError":1,"popoverEnabled":1,"popoverOptions":{"animation":1,"html":0,"placement":"right","selector":"","trigger":"click","triggerAutoclose":1,"title":"","content":"","delay":0,"container":"body"},"tooltipEnabled":1,"tooltipOptions":{"animation":1,"html":0,"placement":"auto left","selector":"","trigger":"hover focus","delay":0,"container":"body"}}},"merge":true},{"command":"insert","method":"html","selector":"#news-reload","data":"\u003Cdiv class=\u0022view view-global-news view-id-global_news view-display-id-block news-slider view-dom-id-a2a1337e3a5ac3f7a38aded54ed91d25\u0022\u003E\n        \n  \n  \n      \u003Cdiv class=\u0022view-content\u0022\u003E\n      \u003Cdiv class=\u0022item-list\u0022\u003E    \u003Cul class=\u0022overview\u0022\u003E          \u003Cli class=\u0022views-row views-row-1 views-row-odd views-row-first\u0022\u003E  \n  \u003Cdiv class=\u0022views-field views-field-field-category\u0022\u003E        \u003Cdiv class=\u0022field-content\u0022\u003E\u003Cdiv class=\u0022news-category-31\u0022\u003EEspeciales\u003C\/div\u003E\u003C\/div\u003E  \u003C\/div\u003E  \n  \u003Cdiv class=\u0022views-field views-field-field-images\u0022\u003E        \u003Cdiv class=\u0022field-content\u0022\u003E\u003Ca href=\u0022\/es\/noticia\/especiales\/sistema-de-bibliotecas\/104046\/concierto-universo-latino-banda-sinfonica-nacional\u0022\u003E\u003Cimg typeof=\u0022foaf:Image\u0022 class=\u0022img-responsive\u0022 src=\u0022https:\/\/www.utadeo.edu.co\/sites\/tadeo\/files\/styles\/global_news_255x127\/public\/node\/news\/field_images\/universo_latino_-_notaweb.png?itok=6oSVOIz7\u0022 width=\u0022255\u0022 height=\u0022127\u0022 alt=\u0022Concierto Universo Latino \u2013 Banda Sinf\u00f3nica Nacional  \u0022 title=\u0022Concierto Universo Latino \u2013 Banda Sinf\u00f3nica Nacional  \u0022 \/\u003E\u003C\/a\u003E\u003C\/div\u003E  \u003C\/div\u003E  \n  \u003Cdiv class=\u0022views-field views-field-title\u0022\u003E        \u003Ch2 class=\u0022field-content\u0022\u003E\u003Ca href=\u0022\/es\/noticia\/especiales\/sistema-de-bibliotecas\/104046\/concierto-universo-latino-banda-sinfonica-nacional\u0022\u003EConcierto Universo Latino \u2013 Banda Sinf\u00f3nica Nacional  \u003C\/a\u003E\u003C\/h2\u003E  \u003C\/div\u003E  \n  \u003Cdiv class=\u0022views-field views-field-body\u0022\u003E        \u003Cp class=\u0022field-content\u0022\u003ELa Banda Sinf\u00f3nica Nacional de Colombia presenta \u0027Universo Latino\u0027: una explosi\u00f3n de talento regional transformada en potencia art\u00edstica que conquista las plazas de nuestro pa\u00eds y los grandes escenarios del mundo\u003C\/p\u003E  \u003C\/div\u003E  \n  \u003Cdiv class=\u0022views-field views-field-nid\u0022\u003E        \u003Cspan class=\u0022field-content\u0022\u003E\u003Ca href=\u0022\/es\/noticia\/especiales\/sistema-de-bibliotecas\/104046\/concierto-universo-latino-banda-sinfonica-nacional\u0022\u003ELeer m\u00e1s\u003C\/a\u003E\u003C\/span\u003E  \u003C\/div\u003E\u003C\/li\u003E\n          \u003Cli class=\u0022views-row views-row-2 views-row-even\u0022\u003E  \n  \u003Cdiv class=\u0022views-field views-field-field-category\u0022\u003E        \u003Cdiv class=\u0022field-content\u0022\u003E\u003Cdiv class=\u0022news-category-31\u0022\u003EEspeciales\u003C\/div\u003E\u003C\/div\u003E  \u003C\/div\u003E  \n  \u003Cdiv class=\u0022views-field views-field-field-images\u0022\u003E        \u003Cdiv class=\u0022field-content\u0022\u003E\u003Ca href=\u0022\/es\/noticia\/especiales\/sistema-de-bibliotecas\/104046\/gana-una-entrada-filbo-con-nova\u0022\u003E\u003Cimg typeof=\u0022foaf:Image\u0022 class=\u0022img-responsive\u0022 src=\u0022https:\/\/www.utadeo.edu.co\/sites\/tadeo\/files\/styles\/global_news_255x127\/public\/node\/news\/field_images\/internnova_solucion_concurso_notaweb.png?itok=tOosU76z\u0022 width=\u0022255\u0022 height=\u0022127\u0022 alt=\u0022Gana una entrada a FILbo con NOVA. \u0022 title=\u0022Gana una entrada a FILbo con NOVA. \u0022 \/\u003E\u003C\/a\u003E\u003C\/div\u003E  \u003C\/div\u003E  \n  \u003Cdiv class=\u0022views-field views-field-title\u0022\u003E        \u003Ch2 class=\u0022field-content\u0022\u003E\u003Ca href=\u0022\/es\/noticia\/especiales\/sistema-de-bibliotecas\/104046\/gana-una-entrada-filbo-con-nova\u0022\u003EGana una entrada a FILbo con NOVA. \u003C\/a\u003E\u003C\/h2\u003E  \u003C\/div\u003E  \n  \u003Cdiv class=\u0022views-field views-field-body\u0022\u003E        \u003Cp class=\u0022field-content\u0022\u003ET\u00f3mate una foto con NOVA, s\u00fabela a redes etiquet\u00e1ndonos y listo.\u003C\/p\u003E  \u003C\/div\u003E  \n  \u003Cdiv class=\u0022views-field views-field-nid\u0022\u003E        \u003Cspan class=\u0022field-content\u0022\u003E\u003Ca href=\u0022\/es\/noticia\/especiales\/sistema-de-bibliotecas\/104046\/gana-una-entrada-filbo-con-nova\u0022\u003ELeer m\u00e1s\u003C\/a\u003E\u003C\/span\u003E  \u003C\/div\u003E\u003C\/li\u003E\n          \u003Cli class=\u0022views-row views-row-3 views-row-odd\u0022\u003E  \n  \u003Cdiv class=\u0022views-field views-field-field-category\u0022\u003E        \u003Cdiv class=\u0022field-content\u0022\u003E\u003Cdiv class=\u0022news-category-31\u0022\u003EEspeciales\u003C\/div\u003E\u003C\/div\u003E  \u003C\/div\u003E  \n  \u003Cdiv class=\u0022views-field views-field-field-images\u0022\u003E        \u003Cdiv class=\u0022field-content\u0022\u003E\u003Ca href=\u0022\/es\/noticia\/especiales\/sistema-de-bibliotecas\/104046\/visita-nuestro-centro-de-interes-frameframe-la-moda-en-escena\u0022\u003E\u003Cimg typeof=\u0022foaf:Image\u0022 class=\u0022img-responsive\u0022 src=\u0022https:\/\/www.utadeo.edu.co\/sites\/tadeo\/files\/styles\/global_news_255x127\/public\/node\/news\/field_images\/centro_de_interes_-_notaweb_abril.png?itok=yyKV3kpr\u0022 width=\u0022255\u0022 height=\u0022127\u0022 alt=\u0022Visita nuestro centro de inter\u00e9s \u0026quot;Frame:frame: la moda en escena\u0026quot; \u0022 title=\u0022Visita nuestro centro de inter\u00e9s \u0026quot;Frame:frame: la moda en escena\u0026quot; \u0022 \/\u003E\u003C\/a\u003E\u003C\/div\u003E  \u003C\/div\u003E  \n  \u003Cdiv class=\u0022views-field views-field-title\u0022\u003E        \u003Ch2 class=\u0022field-content\u0022\u003E\u003Ca href=\u0022\/es\/noticia\/especiales\/sistema-de-bibliotecas\/104046\/visita-nuestro-centro-de-interes-frameframe-la-moda-en-escena\u0022\u003EVisita nuestro centro de inter\u00e9s \u0026quot;Frame:frame: la moda en escena\u0026quot; \u003C\/a\u003E\u003C\/h2\u003E  \u003C\/div\u003E  \n  \u003Cdiv class=\u0022views-field views-field-body\u0022\u003E        \u003Cp class=\u0022field-content\u0022\u003EEn abril la Biblioteca presenta su exposici\u00f3n de libros de Dise\u00f1o y gesti\u00f3n de la moda y Cine y televisi\u00f3n.\u003C\/p\u003E  \u003C\/div\u003E  \n  \u003Cdiv class=\u0022views-field views-field-nid\u0022\u003E        \u003Cspan class=\u0022field-content\u0022\u003E\u003Ca href=\u0022\/es\/noticia\/especiales\/sistema-de-bibliotecas\/104046\/visita-nuestro-centro-de-interes-frameframe-la-moda-en-escena\u0022\u003ELeer m\u00e1s\u003C\/a\u003E\u003C\/span\u003E  \u003C\/div\u003E\u003C\/li\u003E\n          \u003Cli class=\u0022views-row views-row-4 views-row-even\u0022\u003E  \n  \u003Cdiv class=\u0022views-field views-field-field-category\u0022\u003E        \u003Cdiv class=\u0022field-content\u0022\u003E\u003Cdiv class=\u0022news-category-31\u0022\u003EEspeciales\u003C\/div\u003E\u003C\/div\u003E  \u003C\/div\u003E  \n  \u003Cdiv class=\u0022views-field views-field-field-images\u0022\u003E        \u003Cdiv class=\u0022field-content\u0022\u003E\u003Ca href=\u0022\/es\/noticia\/especiales\/sistema-de-bibliotecas\/104046\/agenda-cultural-19-al-25-de-abril-de-2026\u0022\u003E\u003Cimg typeof=\u0022foaf:Image\u0022 class=\u0022img-responsive\u0022 src=\u0022https:\/\/www.utadeo.edu.co\/sites\/tadeo\/files\/styles\/global_news_255x127\/public\/node\/news\/field_images\/portada_agenda_cultural_nota_web_18.png?itok=n1rIrARO\u0022 width=\u0022255\u0022 height=\u0022127\u0022 alt=\u0022Agenda Cultural 19 al 25 de abril de 2026\u0022 title=\u0022Agenda Cultural 19 al 25 de abril de 2026\u0022 \/\u003E\u003C\/a\u003E\u003C\/div\u003E  \u003C\/div\u003E  \n  \u003Cdiv class=\u0022views-field views-field-title\u0022\u003E        \u003Ch2 class=\u0022field-content\u0022\u003E\u003Ca href=\u0022\/es\/noticia\/especiales\/sistema-de-bibliotecas\/104046\/agenda-cultural-19-al-25-de-abril-de-2026\u0022\u003EAgenda Cultural 19 al 25 de abril de 2026\u003C\/a\u003E\u003C\/h2\u003E  \u003C\/div\u003E  \n  \u003Cdiv class=\u0022views-field views-field-body\u0022\u003E        \u003Cp class=\u0022field-content\u0022\u003ETe presentamos la agenda cultural, progr\u00e1mate con los eventos que trae el sistema de Bibliotecas Utadeo.\u003C\/p\u003E  \u003C\/div\u003E  \n  \u003Cdiv class=\u0022views-field views-field-nid\u0022\u003E        \u003Cspan class=\u0022field-content\u0022\u003E\u003Ca href=\u0022\/es\/noticia\/especiales\/sistema-de-bibliotecas\/104046\/agenda-cultural-19-al-25-de-abril-de-2026\u0022\u003ELeer m\u00e1s\u003C\/a\u003E\u003C\/span\u003E  \u003C\/div\u003E\u003C\/li\u003E\n          \u003Cli class=\u0022views-row views-row-5 views-row-odd\u0022\u003E  \n  \u003Cdiv class=\u0022views-field views-field-field-category\u0022\u003E        \u003Cdiv class=\u0022field-content\u0022\u003E\u003Cdiv class=\u0022news-category-31\u0022\u003EEspeciales\u003C\/div\u003E\u003C\/div\u003E  \u003C\/div\u003E  \n  \u003Cdiv class=\u0022views-field views-field-field-images\u0022\u003E        \u003Cdiv class=\u0022field-content\u0022\u003E\u003Ca href=\u0022\/es\/noticia\/especiales\/sistema-de-bibliotecas\/104046\/tu-emprendimiento-puede-hacer-parte-de-cabito-fest\u0022\u003E\u003Cimg typeof=\u0022foaf:Image\u0022 class=\u0022img-responsive\u0022 src=\u0022https:\/\/www.utadeo.edu.co\/sites\/tadeo\/files\/styles\/global_news_255x127\/public\/node\/news\/field_images\/cabito_fest_2026_-_india_en_la_filbo_emprendimientos_notaweb.png?itok=av-AtOJj\u0022 width=\u0022255\u0022 height=\u0022127\u0022 alt=\u0022Tu emprendimiento puede hacer parte de Cabito Fest \u0022 title=\u0022Tu emprendimiento puede hacer parte de Cabito Fest \u0022 \/\u003E\u003C\/a\u003E\u003C\/div\u003E  \u003C\/div\u003E  \n  \u003Cdiv class=\u0022views-field views-field-title\u0022\u003E        \u003Ch2 class=\u0022field-content\u0022\u003E\u003Ca href=\u0022\/es\/noticia\/especiales\/sistema-de-bibliotecas\/104046\/tu-emprendimiento-puede-hacer-parte-de-cabito-fest\u0022\u003ETu emprendimiento puede hacer parte de Cabito Fest \u003C\/a\u003E\u003C\/h2\u003E  \u003C\/div\u003E  \n  \u003Cdiv class=\u0022views-field views-field-body\u0022\u003E        \u003Cp class=\u0022field-content\u0022\u003ECabito quiere que tu emprendimiento tenga un lugar especial el 30 de abril.\u003C\/p\u003E  \u003C\/div\u003E  \n  \u003Cdiv class=\u0022views-field views-field-nid\u0022\u003E        \u003Cspan class=\u0022field-content\u0022\u003E\u003Ca href=\u0022\/es\/noticia\/especiales\/sistema-de-bibliotecas\/104046\/tu-emprendimiento-puede-hacer-parte-de-cabito-fest\u0022\u003ELeer m\u00e1s\u003C\/a\u003E\u003C\/span\u003E  \u003C\/div\u003E\u003C\/li\u003E\n          \u003Cli class=\u0022views-row views-row-6 views-row-even\u0022\u003E  \n  \u003Cdiv class=\u0022views-field views-field-field-category\u0022\u003E        \u003Cdiv class=\u0022field-content\u0022\u003E\u003Cdiv class=\u0022news-category-31\u0022\u003EEspeciales\u003C\/div\u003E\u003C\/div\u003E  \u003C\/div\u003E  \n  \u003Cdiv class=\u0022views-field views-field-field-images\u0022\u003E        \u003Cdiv class=\u0022field-content\u0022\u003E\u003Ca href=\u0022\/es\/noticia\/especiales\/sistema-de-bibliotecas\/104046\/las-mejores-ideas-no-deberian-quedarse-en-silencio-0\u0022\u003E\u003Cimg typeof=\u0022foaf:Image\u0022 class=\u0022img-responsive\u0022 src=\u0022https:\/\/www.utadeo.edu.co\/sites\/tadeo\/files\/styles\/global_news_255x127\/public\/node\/news\/field_images\/podcast_abierto_enterarte_notaweb_0.png?itok=DI5VDzu3\u0022 width=\u0022255\u0022 height=\u0022127\u0022 alt=\u0022Las mejores ideas no deber\u00edan quedarse en silencio \u0022 title=\u0022Las mejores ideas no deber\u00edan quedarse en silencio \u0022 \/\u003E\u003C\/a\u003E\u003C\/div\u003E  \u003C\/div\u003E  \n  \u003Cdiv class=\u0022views-field views-field-title\u0022\u003E        \u003Ch2 class=\u0022field-content\u0022\u003E\u003Ca href=\u0022\/es\/noticia\/especiales\/sistema-de-bibliotecas\/104046\/las-mejores-ideas-no-deberian-quedarse-en-silencio-0\u0022\u003ELas mejores ideas no deber\u00edan quedarse en silencio \u003C\/a\u003E\u003C\/h2\u003E  \u003C\/div\u003E  \n  \u003Cdiv class=\u0022views-field views-field-body\u0022\u003E        \u003Cp class=\u0022field-content\u0022\u003ETu puedes ser nuestra pr\u00f3xima voz en el podcast.\u003C\/p\u003E  \u003C\/div\u003E  \n  \u003Cdiv class=\u0022views-field views-field-nid\u0022\u003E        \u003Cspan class=\u0022field-content\u0022\u003E\u003Ca href=\u0022\/es\/noticia\/especiales\/sistema-de-bibliotecas\/104046\/las-mejores-ideas-no-deberian-quedarse-en-silencio-0\u0022\u003ELeer m\u00e1s\u003C\/a\u003E\u003C\/span\u003E  \u003C\/div\u003E\u003C\/li\u003E\n          \u003Cli class=\u0022views-row views-row-7 views-row-odd\u0022\u003E  \n  \u003Cdiv class=\u0022views-field views-field-field-category\u0022\u003E        \u003Cdiv class=\u0022field-content\u0022\u003E\u003Cdiv class=\u0022news-category-31\u0022\u003EEspeciales\u003C\/div\u003E\u003C\/div\u003E  \u003C\/div\u003E  \n  \u003Cdiv class=\u0022views-field views-field-field-images\u0022\u003E        \u003Cdiv class=\u0022field-content\u0022\u003E\u003Ca href=\u0022\/es\/noticia\/especiales\/sistema-de-bibliotecas\/104046\/pronto-conoceras-tus-aliados-academicos\u0022\u003E\u003Cimg typeof=\u0022foaf:Image\u0022 class=\u0022img-responsive\u0022 src=\u0022https:\/\/www.utadeo.edu.co\/sites\/tadeo\/files\/styles\/global_news_255x127\/public\/node\/news\/field_images\/aliados_academicos_promo_bases_de_datos_2026_notaweb.png?itok=Depe-ygy\u0022 width=\u0022255\u0022 height=\u0022127\u0022 alt=\u0022Pronto conocer\u00e1s a tus aliados acad\u00e9micos. \u0022 title=\u0022Pronto conocer\u00e1s a tus aliados acad\u00e9micos. \u0022 \/\u003E\u003C\/a\u003E\u003C\/div\u003E  \u003C\/div\u003E  \n  \u003Cdiv class=\u0022views-field views-field-title\u0022\u003E        \u003Ch2 class=\u0022field-content\u0022\u003E\u003Ca href=\u0022\/es\/noticia\/especiales\/sistema-de-bibliotecas\/104046\/pronto-conoceras-tus-aliados-academicos\u0022\u003EPronto conocer\u00e1s a tus aliados acad\u00e9micos. \u003C\/a\u003E\u003C\/h2\u003E  \u003C\/div\u003E  \n  \u003Cdiv class=\u0022views-field views-field-body\u0022\u003E        \u003Cp class=\u0022field-content\u0022\u003EEstudiantes de la Facultad de Artes y Dise\u00f1o muy pronto conocer\u00e1n su mejor aliado.\u003C\/p\u003E  \u003C\/div\u003E  \n  \u003Cdiv class=\u0022views-field views-field-nid\u0022\u003E        \u003Cspan class=\u0022field-content\u0022\u003E\u003Ca href=\u0022\/es\/noticia\/especiales\/sistema-de-bibliotecas\/104046\/pronto-conoceras-tus-aliados-academicos\u0022\u003ELeer m\u00e1s\u003C\/a\u003E\u003C\/span\u003E  \u003C\/div\u003E\u003C\/li\u003E\n          \u003Cli class=\u0022views-row views-row-8 views-row-even\u0022\u003E  \n  \u003Cdiv class=\u0022views-field views-field-field-category\u0022\u003E        \u003Cdiv class=\u0022field-content\u0022\u003E\u003Cdiv class=\u0022news-category-31\u0022\u003EEspeciales\u003C\/div\u003E\u003C\/div\u003E  \u003C\/div\u003E  \n  \u003Cdiv class=\u0022views-field views-field-field-images\u0022\u003E        \u003Cdiv class=\u0022field-content\u0022\u003E\u003Ca href=\u0022\/es\/noticia\/especiales\/sistema-de-bibliotecas\/104046\/webinar-wgsn-pasarelas-oi-2627-calzado-y-accesorios\u0022\u003E\u003Cimg typeof=\u0022foaf:Image\u0022 class=\u0022img-responsive\u0022 src=\u0022https:\/\/www.utadeo.edu.co\/sites\/tadeo\/files\/styles\/global_news_255x127\/public\/node\/news\/field_images\/wgsn_webinar_7_de_abril_-_notaweb.png?itok=TbDxGnCF\u0022 width=\u0022255\u0022 height=\u0022127\u0022 alt=\u0022Webinar WGSN - Pasarelas O\/I 26\/27 Calzado y Accesorios. \u0022 title=\u0022Webinar WGSN - Pasarelas O\/I 26\/27 Calzado y Accesorios. \u0022 \/\u003E\u003C\/a\u003E\u003C\/div\u003E  \u003C\/div\u003E  \n  \u003Cdiv class=\u0022views-field views-field-title\u0022\u003E        \u003Ch2 class=\u0022field-content\u0022\u003E\u003Ca href=\u0022\/es\/noticia\/especiales\/sistema-de-bibliotecas\/104046\/webinar-wgsn-pasarelas-oi-2627-calzado-y-accesorios\u0022\u003EWebinar WGSN - Pasarelas O\/I 26\/27 Calzado y Accesorios. \u003C\/a\u003E\u003C\/h2\u003E  \u003C\/div\u003E  \n  \u003Cdiv class=\u0022views-field views-field-body\u0022\u003E        \u003Cp class=\u0022field-content\u0022\u003ELa base de datos WGSN te invita a su Webinar para hablar de tendencias de Calzado y accesorios. \u00a1Te esperamos!\u003C\/p\u003E  \u003C\/div\u003E  \n  \u003Cdiv class=\u0022views-field views-field-nid\u0022\u003E        \u003Cspan class=\u0022field-content\u0022\u003E\u003Ca href=\u0022\/es\/noticia\/especiales\/sistema-de-bibliotecas\/104046\/webinar-wgsn-pasarelas-oi-2627-calzado-y-accesorios\u0022\u003ELeer m\u00e1s\u003C\/a\u003E\u003C\/span\u003E  \u003C\/div\u003E\u003C\/li\u003E\n          \u003Cli class=\u0022views-row views-row-9 views-row-odd\u0022\u003E  \n  \u003Cdiv class=\u0022views-field views-field-field-category\u0022\u003E        \u003Cdiv class=\u0022field-content\u0022\u003E\u003Cdiv class=\u0022news-category-31\u0022\u003EEspeciales\u003C\/div\u003E\u003C\/div\u003E  \u003C\/div\u003E  \n  \u003Cdiv class=\u0022views-field views-field-field-images\u0022\u003E        \u003Cdiv class=\u0022field-content\u0022\u003E\u003Ca href=\u0022\/es\/noticia\/especiales\/sistema-de-bibliotecas\/104046\/concierto-inspiraciones-famosas-buzz-brass\u0022\u003E\u003Cimg typeof=\u0022foaf:Image\u0022 class=\u0022img-responsive\u0022 src=\u0022https:\/\/www.utadeo.edu.co\/sites\/tadeo\/files\/styles\/global_news_255x127\/public\/node\/news\/field_images\/buzz_brass_nota_web_11_de_abril.png?itok=QFE6P4fo\u0022 width=\u0022255\u0022 height=\u0022127\u0022 alt=\u0022\u201cConcierto Inspiraciones famosas\u201d - Buzz Brass\u0022 title=\u0022\u201cConcierto Inspiraciones famosas\u201d - Buzz Brass\u0022 \/\u003E\u003C\/a\u003E\u003C\/div\u003E  \u003C\/div\u003E  \n  \u003Cdiv class=\u0022views-field views-field-title\u0022\u003E        \u003Ch2 class=\u0022field-content\u0022\u003E\u003Ca href=\u0022\/es\/noticia\/especiales\/sistema-de-bibliotecas\/104046\/concierto-inspiraciones-famosas-buzz-brass\u0022\u003E\u201cConcierto Inspiraciones famosas\u201d - Buzz Brass\u003C\/a\u003E\u003C\/h2\u003E  \u003C\/div\u003E  \n  \u003Cdiv class=\u0022views-field views-field-body\u0022\u003E        \u003Cp class=\u0022field-content\u0022\u003EBuzz Brass presenta \u0022Inspiraciones famosas\u0022, un concierto que reinventa obras maestras con una puesta en escena din\u00e1mica, humor\u00edstica y en espa\u00f1ol. Esta propuesta de m\u00fasica de c\u00e1mara, accesible y educativa, rompe barreras a trav\u00e9s de la calidez de...\u003C\/p\u003E  \u003C\/div\u003E  \n  \u003Cdiv class=\u0022views-field views-field-nid\u0022\u003E        \u003Cspan class=\u0022field-content\u0022\u003E\u003Ca href=\u0022\/es\/noticia\/especiales\/sistema-de-bibliotecas\/104046\/concierto-inspiraciones-famosas-buzz-brass\u0022\u003ELeer m\u00e1s\u003C\/a\u003E\u003C\/span\u003E  \u003C\/div\u003E\u003C\/li\u003E\n          \u003Cli class=\u0022views-row views-row-10 views-row-even views-row-last\u0022\u003E  \n  \u003Cdiv class=\u0022views-field views-field-field-category\u0022\u003E        \u003Cdiv class=\u0022field-content\u0022\u003E\u003Cdiv class=\u0022news-category-31\u0022\u003EEspeciales\u003C\/div\u003E\u003C\/div\u003E  \u003C\/div\u003E  \n  \u003Cdiv class=\u0022views-field views-field-field-images\u0022\u003E        \u003Cdiv class=\u0022field-content\u0022\u003E\u003Ca href=\u0022\/es\/noticia\/especiales\/sistema-de-bibliotecas\/104046\/concierto-orquesta-filarmonica-juvenil-de-camara\u0022\u003E\u003Cimg typeof=\u0022foaf:Image\u0022 class=\u0022img-responsive\u0022 src=\u0022https:\/\/www.utadeo.edu.co\/sites\/tadeo\/files\/styles\/global_news_255x127\/public\/node\/news\/field_images\/2026_04_10_pza_ofjc_fabio_lozano_faure_televisores.jpg?itok=3GNSS4Fu\u0022 width=\u0022255\u0022 height=\u0022127\u0022 alt=\u0022Concierto Orquesta Filarm\u00f3nica Juvenil de C\u00e1mara\u0022 title=\u0022Concierto Orquesta Filarm\u00f3nica Juvenil de C\u00e1mara\u0022 \/\u003E\u003C\/a\u003E\u003C\/div\u003E  \u003C\/div\u003E  \n  \u003Cdiv class=\u0022views-field views-field-title\u0022\u003E        \u003Ch2 class=\u0022field-content\u0022\u003E\u003Ca href=\u0022\/es\/noticia\/especiales\/sistema-de-bibliotecas\/104046\/concierto-orquesta-filarmonica-juvenil-de-camara\u0022\u003EConcierto Orquesta Filarm\u00f3nica Juvenil de C\u00e1mara\u003C\/a\u003E\u003C\/h2\u003E  \u003C\/div\u003E  \n  \u003Cdiv class=\u0022views-field views-field-body\u0022\u003E        \u003Cp class=\u0022field-content\u0022\u003ESi te gusta la m\u00fasica este evento es para ti.\u003C\/p\u003E  \u003C\/div\u003E  \n  \u003Cdiv class=\u0022views-field views-field-nid\u0022\u003E        \u003Cspan class=\u0022field-content\u0022\u003E\u003Ca href=\u0022\/es\/noticia\/especiales\/sistema-de-bibliotecas\/104046\/concierto-orquesta-filarmonica-juvenil-de-camara\u0022\u003ELeer m\u00e1s\u003C\/a\u003E\u003C\/span\u003E  \u003C\/div\u003E\u003C\/li\u003E\n      \u003C\/ul\u003E\u003C\/div\u003E    \u003C\/div\u003E\n  \n  \n  \n  \n      \u003Cdiv class=\u0022view-footer\u0022\u003E\n      \u003Cdiv class=\u0022slider-galleries\u0022\u003E\u003Cdiv class=\u0022tadeo-link-all\u0022\u003E\u003Ca href=\u0022\/es\/noticias\u0022\u003EVer todas las noticias\u003C\/a\u003E\u003C\/div\u003E\u003Ca href=\u0022\/es\u0022 class=\u0022buttons next\u0022\u003Eprev\u003C\/a\u003E\u003Ca href=\u0022\/es\u0022 class=\u0022buttons prev\u0022\u003Enext\u003C\/a\u003E\u003C\/div\u003E    \u003C\/div\u003E\n  \n  \n\u003C\/div\u003E","settings":null}]